{"id":364,"date":"2025-01-28T19:46:47","date_gmt":"2025-01-28T19:46:47","guid":{"rendered":"https:\/\/zgyo.com.tr\/?page_id=364"},"modified":"2025-01-28T19:48:23","modified_gmt":"2025-01-28T19:48:23","slug":"kisiselveri","status":"publish","type":"page","link":"https:\/\/zgyo.com.tr\/tr\/kisiselveri\/","title":{"rendered":"Ki\u015fisel Veri \u0130\u015fleme Politikas\u0131"},"content":{"rendered":"\n<p><strong>Z GAYR\u0130MENKUL YATIRIM ORTAKLI\u011eI<\/strong> <strong>ANON\u0130M \u015e\u0130RKET\u0130<\/strong> <strong>(\u015e\u0130RKET)<\/strong><\/p>\n\n\n\n<p><strong>K\u0130\u015e\u0130SEL VER\u0130 \u0130\u015eLEME VE KORUMA POL\u0130T\u0130KASI (v.1<\/strong>)<strong><br><\/strong><\/p>\n\n\n\n<h3 class=\"wp-block-heading\"><a id=\"_Toc181886577\"><strong>1.&nbsp;&nbsp;&nbsp;&nbsp;&nbsp; <\/strong><strong>AMA\u00c7<\/strong><\/a><strong><\/strong><\/h3>\n\n\n\n<p>\u0130\u015fbu Ki\u015fisel Veri \u0130\u015fleme ve Koruma Politikas\u0131 (\u201c<strong>Politika\u201d<\/strong>), Z Gayrimenkul Yat\u0131r\u0131m Ortakl\u0131\u011f\u0131 Anonim \u015eirketi (\u201c<strong>\u015eirket<\/strong>\u201d)\u2019nin ki\u015fisel veri i\u015fleme faaliyetlerine y\u00f6nelik olarak \u015eirket taraf\u0131ndan benimsenen ve uygulanan y\u00f6ntemler ve kurallar konusunda a\u00e7\u0131klamalarda bulunmak amac\u0131 ile olu\u015fturulmu\u015ftur.<\/p>\n\n\n\n<h3 class=\"wp-block-heading\"><a id=\"_Toc181886578\"><strong>2.&nbsp;&nbsp;&nbsp;&nbsp;&nbsp; <\/strong><strong>KAPSAM<\/strong><\/a><strong><\/strong><\/h3>\n\n\n\n<p>\u0130\u015fbu Politika, \u015eirket ad\u0131na Veri \u0130\u015fleyenler taraf\u0131ndan ki\u015fisel veri i\u015flenen t\u00fcm ki\u015fisel veri i\u015fleme s\u00fcre\u00e7lerini kapsamakta olup \u015eirket &nbsp;ve\/veya \u015eirket ad\u0131na Veri \u0130\u015fleyenler taraf\u0131ndan y\u00f6netilen t\u00fcm ki\u015fisel veri kay\u0131t ortamlar\u0131 ile ki\u015fisel veri i\u015fleme s\u00fcre\u00e7lerinde uygulan\u0131r.<\/p>\n\n\n\n<p>\u015eirket &nbsp;ve\/veya \u015eirket ad\u0131na Veri \u0130\u015fleyenler taraf\u0131ndan i\u015flenen ki\u015fisel veri i\u015fleme s\u00fcre\u00e7lerinde, ki\u015fisel verilerle birlikte \u00f6zel nitelikli ki\u015fisel veri de i\u015fleniyorsa veya yaln\u0131zca \u00f6zel nitelikli ki\u015fisel veri i\u015fleniyorsa, bu durumda i\u015fbu Politika\u2019ya ek olarak \u015eirket &nbsp;\u00d6zel Nitelikli Ki\u015fisel Veri \u0130\u015fleme Politikas\u0131\u2019nda yer alan kurallar da uygulan\u0131r.<\/p>\n\n\n\n<h3 class=\"wp-block-heading\"><a id=\"_Toc181886579\"><\/a><a><\/a><a><\/a><a><strong>3.&nbsp;&nbsp;&nbsp;&nbsp;&nbsp; <\/strong><strong>G\u00d6REV ve SORUMLULUK<\/strong><\/a><strong><\/strong><\/h3>\n\n\n\n<p>\u0130\u015fbu Politika\u2019n\u0131n haz\u0131rlanmas\u0131 ve g\u00fcncel tutulmas\u0131 ile \u015eirket \u2019deki faaliyetlerin Politika\u2019ya uygun ger\u00e7ekle\u015ftirildi\u011finin denetlenmesi i\u015flerinden \u015eirket Ki\u015fisel Verileri Koruma Komitesi (\u201c<strong>KVK Komitesi\/Komite<\/strong>\u201d) sorumludur. Komite ve di\u011fer sorumlular\u0131n g\u00f6rev ve sorumluluklar\u0131na ili\u015fkin tablo a\u015fa\u011f\u0131da yer almaktad\u0131r.<\/p>\n\n\n\n<figure class=\"wp-block-table\"><table class=\"has-fixed-layout\"><tbody><tr><td><strong>Unvan<\/strong><\/td><td><strong>G\u00f6rev ve Sorumluluk<\/strong><\/td><\/tr><tr><td>Z Gayrimenkul Yat\u0131r\u0131m Ortakl\u0131\u011f\u0131 (\u201c<strong>\u015eirket\u201d)<\/strong><\/td><td>Komite, \u015eirket \u2019deki ki\u015fisel veri i\u015fleme s\u00fcre\u00e7lerinin Kanun\u2019a, ikincil mevzuata, Kurul kararlar\u0131na ve rehberlerine uygun olarak i\u015flemek, muhafaza etmek ve aktarmak, buna ili\u015fkin belirlenen kriter ve kurallar\u0131n \u00e7al\u0131\u015fanlara ve \u015eirket ad\u0131na veri i\u015fleyenlere duyurmak, \u00e7al\u0131\u015fanlar\u0131n e\u011fitimi ve fark\u0131ndal\u0131\u011f\u0131n\u0131 art\u0131rmak, \u00f6zel nitelikli ki\u015fisel veri i\u015flenen, muhafaza edilen ve aktar\u0131lan t\u00fcm faaliyetlerde veri g\u00fcvenli\u011fini sa\u011flamaya y\u00f6nelik teknik ve idari tedbirleri almak ile sorumludur.<\/td><\/tr><tr><td>\u00c7al\u0131\u015fanlar, Veri \u0130\u015fleyenler ve ilgili di\u011fer ki\u015filer<\/td><td>Ki\u015fisel veri i\u015flerken Politika\u2019daki kural ve talimatlara uygun olarak i\u015flemek konusunda \u00fczerine d\u00fc\u015fen faaliyetleri yerine getirmek, gerekli durumlarda \u00e7al\u0131\u015fanlar \u015eirkete bilgi vermek ile sorumludurlar. &nbsp;&nbsp;<\/td><\/tr><\/tbody><\/table><\/figure>\n\n\n\n<h3 class=\"wp-block-heading\"><a id=\"_Toc181886580\"><strong>4.&nbsp;&nbsp;&nbsp;&nbsp;&nbsp; <\/strong><strong>TANIMLAR ve KISALTMALAR<\/strong><\/a><strong><\/strong><\/h3>\n\n\n\n<figure class=\"wp-block-table\"><table class=\"has-fixed-layout\"><tbody><tr><td><strong>Al\u0131c\u0131 Grubu<\/strong><\/td><td><strong>:<\/strong><\/td><td>\u015eirket\u2019in ki\u015fisel verileri aktard\u0131\u011f\u0131 ger\u00e7ek veya t\u00fczel ki\u015filer<\/td><\/tr><tr><td><strong>A\u00e7\u0131k R\u0131za<\/strong><\/td><td><strong>:<\/strong><\/td><td>Belirli bir konuya ili\u015fkin, bilgilendirilmeye dayanan ve \u00f6zg\u00fcr iradeyle a\u00e7\u0131klanan r\u0131za<\/td><\/tr><tr><td><strong>Anonim Hale Getirme<\/strong><\/td><td><strong>:<\/strong><\/td><td>Ki\u015fisel verilerin anonim hale getirilmesi, ki\u015fisel verilerin ba\u015fka verilerle e\u015fle\u015ftirilse dahi hi\u00e7bir surette kimli\u011fi belirli veya belirlenebilir bir ger\u00e7ek ki\u015fiyle ili\u015fkilendirilemeyecek hale getirilmesi<\/td><\/tr><tr><td><strong>\u00c7al\u0131\u015fan<\/strong><\/td><td><strong>:<\/strong><\/td><td>\u015eirket\u2019in \u00e7al\u0131\u015fanlar\u0131<\/td><\/tr><tr><td><strong>Envanter<\/strong><\/td><td><strong>:<\/strong><\/td><td>\u015eirket\u2019in i\u015f s\u00fcre\u00e7lerine ba\u011fl\u0131 olarak ger\u00e7ekle\u015ftirmekte oldu\u011fu ki\u015fisel verileri i\u015fleme faaliyetlerini; ki\u015fisel verileri i\u015fleme ama\u00e7lar\u0131 ve hukuki sebebi, veri kategorisi, aktar\u0131lan al\u0131c\u0131 grubu ve veri konusu ki\u015fi grubuyla ili\u015fkilendirerek olu\u015fturdu\u011fu ve ki\u015fisel verilerin i\u015flendikleri ama\u00e7lar i\u00e7in gerekli olan azami muhafaza edilme s\u00fcresini, yabanc\u0131 \u00fclkelere aktar\u0131m\u0131 \u00f6ng\u00f6r\u00fclen ki\u015fisel verileri ve veri g\u00fcvenli\u011fine ili\u015fkin al\u0131nan tedbirleri a\u00e7\u0131klayarak detayland\u0131rd\u0131\u011f\u0131 envanter<\/td><\/tr><tr><td><strong>\u015eirket<\/strong><\/td><td><strong>:<\/strong><\/td><td>Z Gayrimenkul Yat\u0131r\u0131m Ortakl\u0131\u011f\u0131<\/td><\/tr><tr><td><strong>\u0130lgili Ki\u015fi<\/strong><\/td><td><strong>:<\/strong><\/td><td>Ki\u015fisel verisi i\u015flenen ger\u00e7ek ki\u015fi<\/td><\/tr><tr><td><strong>\u0130lgili Kullan\u0131c\u0131<\/strong><\/td><td><strong>:<\/strong><\/td><td>Ki\u015fisel veriler\u2019in teknik olarak depolanmas\u0131, korunmas\u0131 ve yedeklenmesinden sorumlu olan ki\u015fi ya da birim hari\u00e7 olmak \u00fczere veri sorumlusu organizasyonu i\u00e7erisinde veya veri sorumlusundan ald\u0131\u011f\u0131 yetki ve talimat do\u011frultusunda ki\u015fisel verileri i\u015fleyen ki\u015filer<\/td><\/tr><tr><td><strong>\u0130rtibat Ki\u015fisi<\/strong><\/td><td><strong>:<\/strong><\/td><td>\u015eirket\u2019in Kanun ve ilgili mevzuattan do\u011fan y\u00fck\u00fcml\u00fcl\u00fcklerine ili\u015fkin olarak Kurum ile ileti\u015fimi sa\u011flamak amac\u0131yla g\u00f6revlendirilen ki\u015fi<\/td><\/tr><tr><td><strong>\u0130mha<\/strong><\/td><td><strong>:<\/strong><\/td><td>Ki\u015fisel verilerin silinmesi, yok edilmesi veya anonim hale getirilmesi<\/td><\/tr><tr><td><strong>Kanun<\/strong><\/td><td><strong>:<\/strong><\/td><td>6698 say\u0131l\u0131 Ki\u015fisel Verilerin Korunmas\u0131 Kanunu<\/td><\/tr><tr><td><strong>Kay\u0131t Ortam\u0131<\/strong><\/td><td><strong>:<\/strong><\/td><td>Tamamen veya k\u0131smen otomatik olan ya da herhangi bir veri kay\u0131t sisteminin par\u00e7as\u0131 olmak kayd\u0131yla otomatik olmayan yollarla i\u015flenen ki\u015fisel verilerin bulundu\u011fu her t\u00fcrl\u00fc ortam<\/td><\/tr><tr><td><strong>Ki\u015fisel Veri \u0130\u015fleme\/\u0130\u015fleme<\/strong><\/td><td><strong>:<\/strong><\/td><td>Ki\u015fisel veriler\u2019in tamamen veya k\u0131smen otomatik olan ya da herhangi bir veri kay\u0131t sisteminin par\u00e7as\u0131 olmak kayd\u0131yla otomatik olmayan yollarla elde edilmesi, kaydedilmesi, depolanmas\u0131, muhafaza edilmesi, de\u011fi\u015ftirilmesi, yeniden d\u00fczenlenmesi, a\u00e7\u0131klanmas\u0131, aktar\u0131lmas\u0131, devral\u0131nmas\u0131, elde edilebilir h\u00e2le getirilmesi, s\u0131n\u0131fland\u0131r\u0131lmas\u0131 ya da kullan\u0131lmas\u0131n\u0131n engellenmesi gibi Ki\u015fisel Veriler \u00fczerinde ger\u00e7ekle\u015ftirilen her t\u00fcrl\u00fc i\u015flem<\/td><\/tr><tr><td><strong>Kurum<\/strong><\/td><td><strong>:<\/strong><\/td><td>Ki\u015fisel Verileri Koruma Kurumu<\/td><\/tr><tr><td><strong>Kurul<\/strong><\/td><td><strong>:<\/strong><\/td><td>Ki\u015fisel Verileri Koruma Kurulu<\/td><\/tr><tr><td><strong>\u00d6zel Nitelikli Ki\u015fisel Veri<\/strong><\/td><td><strong>:<\/strong><\/td><td>Ki\u015filerin \u0131rk\u0131, etnik k\u00f6keni, siyasi d\u00fc\u015f\u00fcncesi, felsefi inanc\u0131, dini, mezhebi veya di\u011fer inan\u00e7lar\u0131, k\u0131l\u0131k ve k\u0131yafeti, dernek, vak\u0131f ya da sendika \u00fcyeli\u011fi, sa\u011fl\u0131\u011f\u0131, cinsel hayat\u0131, ceza mahk\u00fbmiyeti ve g\u00fcvenlik tedbirleriyle ilgili verileri ile biyometrik ve genetik verileri<\/td><\/tr><tr><td><strong>Periyodik \u0130mha<\/strong><\/td><td><strong>:<\/strong><\/td><td>Kanun\u2019da yer alan Ki\u015fisel Veriler\u2019in i\u015flenme \u015fartlar\u0131n\u0131n tamam\u0131n\u0131n ortadan kalkmas\u0131 durumunda ki\u015fisel verileri saklama ve imha politikas\u0131nda belirtilen ve tekrar eden aral\u0131klarla re\u2019sen ger\u00e7ekle\u015ftirilecek silme, yok etme veya anonim hale getirme i\u015flemi<\/td><\/tr><tr><td><strong>Politika<\/strong><\/td><td><strong>:<\/strong><\/td><td>\u015eirket Ki\u015fisel Veri \u0130\u015fleme ve Koruma Politikas\u0131<\/td><\/tr><tr><td><strong>Silme<\/strong><\/td><td><strong>:<\/strong><\/td><td>Ki\u015fisel verilerin silinmesi, ki\u015fisel verilerin \u0130lgili Kullan\u0131c\u0131\u2019lar i\u00e7in hi\u00e7bir \u015fekilde eri\u015filemez ve tekrar kullan\u0131lamaz hale getirilmesi<\/td><\/tr><tr><td><strong>Veri \u0130\u015fleyen<\/strong><\/td><td><strong>:<\/strong><\/td><td>\u015eirket\u2019in verdi\u011fi yetkiye dayanarak \u015eirket ad\u0131na Ki\u015fisel Veriler\u2019i i\u015fleyen ger\u00e7ek veya t\u00fczel ki\u015fi<\/td><\/tr><tr><td><strong>Veri Kay\u0131t Sistemi<\/strong><\/td><td><strong>:<\/strong><\/td><td>Ki\u015fisel Veriler\u2019in belirli kriterlere g\u00f6re yap\u0131land\u0131r\u0131larak i\u015flendi\u011fi kay\u0131t sistemi<\/td><\/tr><tr><td><strong>Veri Sorumlusu<\/strong><\/td><td><strong>:<\/strong><\/td><td>Ki\u015fisel Veriler\u2019in i\u015fleme ama\u00e7lar\u0131n\u0131 ve vas\u0131talar\u0131n\u0131 belirleyen, veri kay\u0131t sisteminin kurulmas\u0131ndan ve y\u00f6netilmesinden sorumlu olan ger\u00e7ek veya t\u00fczel ki\u015fi<\/td><\/tr><tr><td><strong>Yok etme\/Yok edilme<\/strong><\/td><td><strong>:<\/strong><\/td><td>Ki\u015fisel Veriler\u2019in yok edilmesi, ki\u015fisel verilerin hi\u00e7 kimse taraf\u0131ndan hi\u00e7bir \u015fekilde eri\u015filemez, geri getirilemez ve tekrar kullan\u0131lamaz hale getirilmesi<\/td><\/tr><\/tbody><\/table><\/figure>\n\n\n\n<h3 class=\"wp-block-heading\"><a id=\"_Toc181886581\"><strong>5.&nbsp;&nbsp;&nbsp;&nbsp;&nbsp; <\/strong><strong>K\u0130\u015e\u0130SEL VER\u0130LER\u0130N \u0130\u015eLENMES\u0130NE VE KORUNMASINA \u0130L\u0130\u015eK\u0130N Y\u00dcK\u00dcML\u00dcL\u00dcKLER<\/strong><\/a><strong><\/strong><\/h3>\n\n\n\n<p>\u015eirket veya Veri \u0130\u015fleyenler\u2019i taraf\u0131ndan Ki\u015fisel Veriler\u2019in i\u015flenmesinde a\u015fa\u011f\u0131daki kurallar uygulan\u0131r.<\/p>\n\n\n\n<h3 class=\"wp-block-heading\"><a id=\"_Toc181886582\"><strong>5.1.\u00a0 Ki\u015fisel Veri \u0130\u015fleme \u0130lkelerine Uygunluk<\/strong><\/a><\/h3>\n\n\n\n<p>Ki\u015fisel verilerin i\u015flenmesinde a\u015fa\u011f\u0131daki ilkelere uygun hareket edilir:<\/p>\n\n\n\n<ul class=\"wp-block-list\">\n<li>Ki\u015fisel verilerin i\u015flenmesinde hukuka ve d\u00fcr\u00fcstl\u00fck kurallar\u0131na uygun hareket edilir. Ki\u015fisel veriler hi\u00e7bir \u015fekilde \u0130lgili Ki\u015fi\u2019nin bilgisi olmaks\u0131z\u0131n toplanmaz ve i\u015flenmez. Ki\u015fisel Veriler\u2019in \u0130lgili Ki\u015fi\u2019den elde edilmemesi halinde Ayd\u0131nlatma Y\u00fck\u00fcml\u00fcl\u00fc\u011f\u00fcn\u00fcn Yerine Getirilmesinde Uygulanacak Usul ve Esaslar Hakk\u0131nda Tebli\u011f\u2019in 6. maddesine uygun olarak hareket edilir.<\/li>\n\n\n\n<li>\u0130\u015flenen Ki\u015fisel Veriler\u2019in do\u011fru ve g\u00fcncel olmas\u0131n\u0131 sa\u011flamak i\u00e7in Ki\u015fisel Veri i\u015fleme s\u00fcre\u00e7lerinde gerekli tedbirler al\u0131n\u0131r. Ki\u015fisel Veriler\u2019i i\u015flenen \u0130lgili Ki\u015fi\u2019ye verilerini g\u00fcncellemesi ve var ise i\u015flenen verilerindeki hatalar\u0131 d\u00fczeltmesi i\u00e7in ba\u015fvuruda bulunma imk\u00e2n\u0131 tan\u0131n\u0131r.<\/li>\n\n\n\n<li>Ki\u015fisel Veriler belirli, a\u00e7\u0131k ve me\u015fru ama\u00e7larla, kapsam\u0131 ve i\u00e7eri\u011fi a\u00e7\u0131k\u00e7a belirlenmi\u015f, mevzuat ve i\u015f s\u00fcre\u00e7lerinin devaml\u0131l\u0131\u011f\u0131n\u0131 sa\u011flamak i\u00e7in belirlenen me\u015fru ama\u00e7lar dahilinde i\u015flenir. Bu do\u011frultuda, Ki\u015fisel Veriler\u2019in i\u015flenmesi mevzuat\u0131 kapsam\u0131nda i\u00e7in haz\u0131rlanan hukuki metinlerde belirlilik ve a\u00e7\u0131kl\u0131k ilkesine uygun hareket edilmesine hassasiyet g\u00f6sterilir.<\/li>\n\n\n\n<li>Ki\u015fisel Veriler belirlenen ama\u00e7larla ba\u011flant\u0131l\u0131, s\u0131n\u0131rl\u0131 ve \u00f6l\u00e7\u00fcl\u00fc olarak i\u015flenir. Bu kapsamda veri minimizasyonu ilkesi uyar\u0131nca \u015eirket, Ki\u015fisel Veri i\u015flerken i\u015fleme amac\u0131 ile ilgili olmayan ve i\u015fleme s\u00fcreci i\u00e7in i\u015flenmesi gerekli\/zorunlu olmayan hi\u00e7bir Ki\u015fisel Veriyi i\u015flemez.<\/li>\n\n\n\n<li>Ki\u015fisel Veriler ilgili mevzuatta \u00f6ng\u00f6r\u00fclen veya i\u015flendikleri ama\u00e7 i\u00e7in gerekli olan s\u00fcre kadar muhafaza edilir. Bu s\u00fcreler sona erdi\u011finde Ki\u015fisel Veriler\u2019in i\u015flenmesine son verilir ve Ki\u015fisel Veriler silinerek, yok edilerek veya anonimle\u015ftirilerek \u0130mha edilir. Ki\u015fisel Veriler\u2019in \u0130mhas\u0131na ili\u015fkin hususlar \u015eirket Ki\u015fisel Verileri Saklama ve \u0130mha Politikas\u0131\u2019nda belirlenir.<\/li>\n<\/ul>\n\n\n\n<h3 class=\"wp-block-heading\"><a id=\"_Toc181886583\"><strong>5.2.&nbsp; <\/strong><strong>Ayd\u0131nlatma Y\u00fck\u00fcml\u00fcl\u00fc\u011f\u00fc<\/strong><\/a><strong><\/strong><\/h3>\n\n\n\n<p>Kanun\u2019un 10. maddesinde yer alan ayd\u0131nlatma y\u00fck\u00fcml\u00fcl\u00fc\u011f\u00fc ve Ayd\u0131nlatma Y\u00fck\u00fcml\u00fcl\u00fc\u011f\u00fcn\u00fcn Yerine Getirilmesinde Uygulanacak Usul ve Esaslar Hakk\u0131nda Tebli\u011f h\u00fck\u00fcmleri uyar\u0131nca \u015eirket veya Veri \u0130\u015fleyenler, Ki\u015fisel Veri i\u015flemeden \u00f6nce veya en ge\u00e7 i\u015flenmesi s\u0131ras\u0131nda a\u015fa\u011f\u0131daki hususlarda \u0130lgili Ki\u015filer\u2019i ayd\u0131nlatmakla y\u00fck\u00fcml\u00fcd\u00fcr;<\/p>\n\n\n\n<ul class=\"wp-block-list\">\n<li>Veri sorumlusu olarak \u015eirket\u2019in kimli\u011fi (\u015eirket)<\/li>\n\n\n\n<li>Hangi ki\u015fisel verilerin i\u015flenece\u011fi,<\/li>\n\n\n\n<li>Ki\u015fisel Veriler\u2019in hangi ama\u00e7la i\u015flenece\u011fi,<\/li>\n\n\n\n<li>\u0130\u015flenen Ki\u015fisel Veriler\u2019in kimlere ve hangi ama\u00e7la aktar\u0131labilece\u011fi,<\/li>\n\n\n\n<li>Ki\u015fisel verileri toplaman\u0131n y\u00f6ntemi ve hukuki sebebi,<\/li>\n\n\n\n<li>\u0130lgili Ki\u015filer\u2019in Kanun\u2019un 11. maddesinde yer alan haklar\u0131.<\/li>\n<\/ul>\n\n\n\n<p>Ayd\u0131nlatman\u0131n yap\u0131lmas\u0131nda bir \u015fekil \u015fart\u0131 olmamakla birlikte, ayd\u0131nlatma y\u00fck\u00fcml\u00fcl\u00fc\u011f\u00fcn\u00fcn yerine getirildi\u011fini ispat y\u00fck\u00fcml\u00fcl\u00fc\u011f\u00fc Veri Sorumlusu olarak \u015eirket\u2019e ait oldu\u011fundan, Ki\u015fisel Veri i\u015fleme s\u00fcreci kurgulan\u0131rken ayd\u0131nlatma y\u00fck\u00fcml\u00fcl\u00fc\u011f\u00fcn\u00fcn yerine getirildi\u011fini tevsik edici \u00f6nlemler al\u0131n\u0131r.<\/p>\n\n\n\n<p>Bu \u00f6nlemler ayd\u0131nlatman\u0131n yap\u0131lma y\u00f6ntemine g\u00f6re de\u011fi\u015fiklik g\u00f6sterebilir. (\u00d6rn. Bas\u0131l\u0131 evrak ile ayd\u0131nlatma yap\u0131ld\u0131\u011f\u0131 durumlarda \u0130lgili Ki\u015filer\u2019den ayd\u0131nlatma metninin sonunda imzas\u0131 al\u0131nabilir, sesli ortamda ayd\u0131nlatma yap\u0131lmas\u0131 halinde ilgili ses kayd\u0131 saklanabilir veya dijital ortamlarda ayd\u0131nlatma yap\u0131ld\u0131\u011f\u0131 durumlarda ayd\u0131nlatma yap\u0131ld\u0131\u011f\u0131n\u0131 kan\u0131tlar dijital log kay\u0131tlar\u0131 saklanabilir.)<\/p>\n\n\n\n<p>Ki\u015fisel Veriler\u2019in i\u015flenme ama\u00e7lar\u0131n\u0131n de\u011fi\u015fmesi durumunda, \u0130lgili Ki\u015filer\u2019e yeni Ki\u015fisel Veri \u0130\u015fleme amac\u0131na ili\u015fkin ayd\u0131nlatma ki\u015fisel veri i\u015fleme faaliyetine ba\u015flanmadan \u00f6nce yap\u0131l\u0131r.<\/p>\n\n\n\n<p>Ayr\u0131ca, Ki\u015fisel Veriler\u2019in do\u011frudan \u0130lgili Ki\u015filer\u2019den elde edilmedi\u011fi durumlarda (\u00f6rn. \u00fc\u00e7\u00fcnc\u00fc ki\u015fi bir veri sorumlusundan ki\u015fisel veri al\u0131nmas\u0131) da \u015eirket taraf\u0131ndan ayd\u0131nlatma y\u00fck\u00fcml\u00fcl\u00fc\u011f\u00fc;<\/p>\n\n\n\n<ul class=\"wp-block-list\">\n<li>Ki\u015fisel Veriler\u2019in elde edilmesinden itibaren makul bir s\u00fcre i\u00e7erisinde,<ul><li>Ki\u015fisel Veriler\u2019in \u0130lgili Ki\u015fi ile ileti\u015fim amac\u0131yla kullan\u0131lacak olmas\u0131 durumunda, ilk ileti\u015fim kurulmas\u0131 esnas\u0131nda,<\/li><\/ul>\n<ul class=\"wp-block-list\">\n<li>Ki\u015fisel Veriler\u2019in aktar\u0131lacak olmas\u0131 halinde, en ge\u00e7 Ki\u015fisel Veriler\u2019in ilk kez aktar\u0131m\u0131n\u0131n yap\u0131laca\u011f\u0131 esnada<\/li>\n<\/ul>\n<\/li>\n<\/ul>\n\n\n\n<p>yerine getirilir.<\/p>\n\n\n\n<p>Kanun\u2019un 28. maddesi uyar\u0131nca ise, \u0130lgili Ki\u015fi\u2019nin kendisi taraf\u0131ndan alenile\u015ftirilmi\u015f Ki\u015fisel Veriler\u2019in i\u015flenmesine ili\u015fkin veri sorumlusu olarak \u015eirket\u2019in \u0130lgili Ki\u015fi\u2019yi ayd\u0131nlatma y\u00fck\u00fcml\u00fcl\u00fc\u011f\u00fc bulunmad\u0131\u011f\u0131ndan ayr\u0131ca bir ayd\u0131nlatma yap\u0131lmaz. Ancak \u0130lgili Ki\u015fi\u2019nin Ki\u015fisel Veriler\u2019ini alenile\u015ftirme amac\u0131 ile Ki\u015fisel Veri \u0130\u015fleme amac\u0131 uyumlu olmal\u0131d\u0131r. Bu nedenle ayd\u0131nlatma yap\u0131lmas\u0131na ili\u015fkin istisnaya tabi olunup olunmad\u0131\u011f\u0131 hususunda teredd\u00fct ya\u015fanmas\u0131 halinde Ki\u015fisel Veri \u0130\u015fleme S\u00fcrecine ba\u015flamadan \u00f6nce Yasal Uyum Uzman\u0131\u2019na dan\u0131\u015f\u0131l\u0131r.<\/p>\n\n\n\n<h3 class=\"wp-block-heading\"><a id=\"_Toc181886584\"><strong>5.3.&nbsp; <\/strong><strong>Ki\u015fisel Verilerin \u0130\u015flenme \u015eartlar\u0131 (Veri \u0130\u015flemenin Hukuki Sebepleri)<\/strong><\/a><strong><\/strong><\/h3>\n\n\n\n<p>Ki\u015fisel Veriler ancak veya (i) a\u015fa\u011f\u0131daki \u0130\u015fleme sebeplerinden birinin varl\u0131\u011f\u0131 halinde veya bu hallerden birisi yoksa (ii) \u0130lgili Ki\u015fi\u2019nin \u201ca\u00e7\u0131k r\u0131zas\u0131\u201d al\u0131narak i\u015flenebilir:<\/p>\n\n\n\n<ul class=\"wp-block-list\">\n<li>Kanunlarda a\u00e7\u0131k\u00e7a \u00f6ng\u00f6r\u00fclmesi,<\/li>\n\n\n\n<li>Fiili imk\u00e2ns\u0131zl\u0131k nedeniyle r\u0131zas\u0131n\u0131 a\u00e7\u0131klayamayacak durumda bulunan veya r\u0131zas\u0131na hukuki ge\u00e7erlilik tan\u0131nmayan ki\u015finin kendisinin ya da bir ba\u015fkas\u0131n\u0131n hayat\u0131 veya beden b\u00fct\u00fcnl\u00fc\u011f\u00fcn\u00fcn korunmas\u0131 i\u00e7in ki\u015fisel verilerin i\u015flenmesinin zorunlu olmas\u0131,<\/li>\n\n\n\n<li>Bir s\u00f6zle\u015fmenin kurulmas\u0131 veya ifas\u0131yla do\u011frudan do\u011fruya ilgili olmas\u0131 kayd\u0131yla, s\u00f6zle\u015fmenin taraflar\u0131na ait ki\u015fisel verilerin i\u015flenmesinin gerekli olmas\u0131,<\/li>\n\n\n\n<li>Veri sorumlusunun hukuki y\u00fck\u00fcml\u00fcl\u00fc\u011f\u00fcn\u00fc yerine getirebilmesi i\u00e7in zorunlu olmas\u0131,<\/li>\n\n\n\n<li>\u0130lgili Ki\u015fi\u2019nin kendisi taraf\u0131ndan alenile\u015ftirilmi\u015f olmas\u0131,<\/li>\n\n\n\n<li>Bir hakk\u0131n tesisi, kullan\u0131lmas\u0131 veya korunmas\u0131 i\u00e7in veri i\u015flemenin zorunlu olmas\u0131,<\/li>\n\n\n\n<li>\u0130lgili Ki\u015fi\u2019nin temel hak ve \u00f6zg\u00fcrl\u00fcklerine zarar vermemek kayd\u0131yla, veri sorumlusunun me\u015fru menfaatleri i\u00e7in veri i\u015flenmesinin zorunlu olmas\u0131,<\/li>\n<\/ul>\n\n\n\n<p>Yukar\u0131da yer alan i\u015fleme \u015fartlar\u0131ndan herhangi birinin mevcut olmamas\u0131 halinde Ki\u015fisel Veriler i\u015flenemez, bu i\u015fleme \u015fartlar\u0131ndan bir veya birka\u00e7\u0131 ba\u015fta mevcut olmas\u0131na ra\u011fmen sonradan ortadan kalkarsa ilgili Ki\u015fisel Veri i\u015fleme s\u00fcrecine son verilir.<\/p>\n\n\n\n<p>Ki\u015fisel Veri i\u015fleme s\u00fcrecinin hukuki sebebinin tespitinde teredd\u00fct ya\u015fanmas\u0131 halinde \u015eirket\u2019e dan\u0131\u015f\u0131l\u0131r.<\/p>\n\n\n\n<p>\u00d6zel Nitelikli Ki\u015fisel Veriler\u2019in i\u015flenme \u015fartlar\u0131na ili\u015fkin olarak ise, \u015eirket \u00d6zel Nitelikli Ki\u015fisel Veri \u0130\u015fleme Politikas\u0131\u2019nda yer alan kurallar uygulan\u0131r.<\/p>\n\n\n\n<h3 class=\"wp-block-heading\"><a id=\"_Toc181886585\"><strong>5.4.&nbsp; <\/strong><strong>Ki\u015fisel Verilerin Aktar\u0131m\u0131<\/strong><\/a><strong><\/strong><\/h3>\n\n\n\n<p>Ki\u015fisel Veriler\u2019in aktar\u0131m\u0131, \u015eirket veya Veri \u0130\u015fleyenler taraf\u0131ndan \u015eirket ad\u0131na i\u015flenen Ki\u015fisel Veriler\u2019in, \u015eirket d\u0131\u015f\u0131ndaki yurt i\u00e7iveya yurt d\u0131\u015f\u0131ndaki ger\u00e7ek veya t\u00fczel ki\u015filere aktar\u0131m\u0131 anlam\u0131na geklir.<\/p>\n\n\n\n<p>\u015eirket\u2019in ba\u011fl\u0131 oldu\u011fu \u015firketlere ve grup \u015firketlerine Ki\u015fisel Veri aktar\u0131m\u0131n\u0131n da Ki\u015fisel Veri aktar\u0131m\u0131 say\u0131ld\u0131\u011f\u0131 ve Ki\u015fisel Veriler\u2019in aktar\u0131m\u0131na ili\u015fkin kurallara tabi oldu\u011fu g\u00f6z \u00f6n\u00fcnde bulundurulur. \u015eirket i\u00e7indeki departmanlar aras\u0131 Ki\u015fisel Veri aktar\u0131m\u0131 veya payla\u015f\u0131m\u0131 ise Ki\u015fisel Veriler\u2019in aktar\u0131m\u0131 say\u0131lmad\u0131\u011f\u0131ndan Ki\u015fisel Veriler\u2019in aktar\u0131lmas\u0131na ili\u015fkin kurallara tabi de\u011fildir.<\/p>\n\n\n\n<p>\u015eirket , Kanun\u2019un 5\/2. ve 6\/3. maddelerinde yer alan \u015fartlar\u0131n sa\u011flanmas\u0131 halinde, Kurul taraf\u0131ndan \u00f6ng\u00f6r\u00fclen yeterli \u00f6nlemleri alarak Ki\u015fisel Veriler\u2019i ve \u00d6zel Nitelikli Ki\u015fisel Veriler\u2019i \u0130lgili Ki\u015fi\u2019nin a\u00e7\u0131k r\u0131zas\u0131 olmaks\u0131z\u0131n aktarabilir.<\/p>\n\n\n\n<p>Ki\u015fisel Veriler her zaman gizlilik i\u00e7inde i\u015flenir ve verilerin payla\u015f\u0131lmas\u0131na yaz\u0131l\u0131 ya da elektronik olarak r\u0131za g\u00f6sterilmedi\u011fi veya Kanun\u2019un 5\/2. ve 6\/3. maddeleri alt\u0131nda yer alan sebepler mevcut olmad\u0131\u011f\u0131 ya da yasal olarak zorunluluk bulunmad\u0131\u011f\u0131 s\u00fcrece \u015eirket ad\u0131na hareket etmeyen \u00fc\u00e7\u00fcnc\u00fc taraflar ile payla\u015f\u0131lmaz.<\/p>\n\n\n\n<h3 class=\"wp-block-heading\"><a id=\"_Toc181886586\"><strong>5.4.1. <\/strong><strong>Ki\u015fisel Verilerin Aktar\u0131m \u015eartlar\u0131<\/strong><\/a><strong><\/strong><\/h3>\n\n\n\n<p>Ki\u015fisel Veriler, ancak veya (i) a\u015fa\u011f\u0131daki \u0130\u015fleme sebeplerinden birinin varl\u0131\u011f\u0131 halinde yahut bu sebepler bulunmad\u0131\u011f\u0131 takdirde (ii) \u0130lgili Ki\u015fi\u2019nin \u201ca\u00e7\u0131k r\u0131zas\u0131n\u0131n\u201d al\u0131nm\u0131\u015f olmas\u0131 ko\u015fuluyla aktar\u0131labilir:<\/p>\n\n\n\n<ul class=\"wp-block-list\">\n<li>Kanunlarda a\u00e7\u0131k\u00e7a Ki\u015fisel Veriler\u2019in aktar\u0131labilece\u011finin \u00f6ng\u00f6r\u00fclmesi,<\/li>\n\n\n\n<li>Fiili imk\u00e2ns\u0131zl\u0131k nedeniyle r\u0131zas\u0131n\u0131 a\u00e7\u0131klayamayacak durumda bulunan veya r\u0131zas\u0131na hukuki ge\u00e7erlilik tan\u0131nmayan ki\u015finin kendisinin ya da bir ba\u015fkas\u0131n\u0131n hayat\u0131 veya beden b\u00fct\u00fcnl\u00fc\u011f\u00fcn\u00fcn korunmas\u0131 i\u00e7in Ki\u015fisel Veriler\u2019in aktar\u0131m\u0131n\u0131n zorunlu olmas\u0131,<\/li>\n\n\n\n<li>Bir s\u00f6zle\u015fmenin kurulmas\u0131 veya ifas\u0131yla do\u011frudan do\u011fruya ilgili olmas\u0131 kayd\u0131yla, s\u00f6zle\u015fmenin taraflar\u0131na ait ki\u015fisel verilerin aktar\u0131lmas\u0131n\u0131n gerekli olmas\u0131,<\/li>\n\n\n\n<li>Veri sorumlusunun hukuki y\u00fck\u00fcml\u00fcl\u00fc\u011f\u00fcn\u00fc yerine getirebilmesi i\u00e7in Ki\u015fisel Veriler\u2019in aktar\u0131lmas\u0131n\u0131n zorunlu olmas\u0131,<\/li>\n\n\n\n<li>\u0130lgili Ki\u015fi\u2019nin kendisi taraf\u0131ndan alenile\u015ftirilmi\u015f olmas\u0131,<\/li>\n\n\n\n<li>Bir hakk\u0131n tesisi, kullan\u0131lmas\u0131 veya korunmas\u0131 i\u00e7in Ki\u015fisel Veriler\u2019in aktar\u0131lmas\u0131n\u0131n zorunlu olmas\u0131,<\/li>\n\n\n\n<li>\u0130lgili Ki\u015fi\u2019nin temel hak ve \u00f6zg\u00fcrl\u00fcklerine zarar vermemek kayd\u0131yla, veri sorumlusunun me\u015fru menfaatleri i\u00e7in veri aktar\u0131m\u0131n\u0131n zorunlu olmas\u0131,<\/li>\n<\/ul>\n\n\n\n<p>Ki\u015fisel Veriler\u2019in yurt d\u0131\u015f\u0131ndaki \u00fc\u00e7\u00fcnc\u00fc ki\u015filere aktar\u0131m\u0131 ise ayr\u0131ca d\u00fczenlenmi\u015ftir. Buna g\u00f6re Ki\u015fisel Veriler;<\/p>\n\n\n\n<ul class=\"wp-block-list\">\n<li>\u0130lgili Ki\u015fi\u2019nin yurt d\u0131\u015f\u0131na Ki\u015fisel Veri aktar\u0131m\u0131na ili\u015fkin a\u00e7\u0131k r\u0131za vermesi veya<\/li>\n\n\n\n<li>Ki\u015fisel Veriler\u2019in a\u00e7\u0131k r\u0131za d\u0131\u015f\u0131ndaki di\u011fer \u00fc\u00e7\u00fcnc\u00fc ki\u015filere aktar\u0131m \u015fartlar\u0131ndan birinin varl\u0131\u011f\u0131 ve Ki\u015fisel Veri\u2019nin aktar\u0131laca\u011f\u0131 yabanc\u0131 \u00fclkede;<ul><li>Yeterli koruman\u0131n bulunmas\u0131,<\/li><\/ul>\n<ul class=\"wp-block-list\">\n<li>Yeterli koruman\u0131n bulunmamas\u0131 durumunda T\u00fcrkiye\u2019deki ve ilgili yabanc\u0131 \u00fclkedeki veri sorumlular\u0131n\u0131n yeterli bir korumay\u0131 yaz\u0131l\u0131 olarak taahh\u00fct etmeleri ve Kurul\u2019un izninin bulunmas\u0131 halinde<\/li>\n<\/ul>\n<\/li>\n<\/ul>\n\n\n\n<p>\u0130lgili Ki\u015fi\u2019nin a\u00e7\u0131k r\u0131zas\u0131 aranmaks\u0131z\u0131n yurt d\u0131\u015f\u0131na aktar\u0131labilir. Yeterli korumaya sahip \u00fclkelere yap\u0131lacak aktar\u0131mlar i\u00e7in bu \u00fclkenin Kurul taraf\u0131ndan ilan edilen (e\u011fer ilan edilmi\u015fse) \u201cyeterli korumaya sahip \u00fclkeler\u201d aras\u0131nda yer al\u0131p almad\u0131\u011f\u0131 kontrol edilir.<\/p>\n\n\n\n<p>\u00d6zel Nitelikli Ki\u015fisel Veriler\u2019in aktar\u0131m\u0131na ili\u015fkin olarak ise \u015eirket \u00d6zel Nitelikli Ki\u015fisel Veri \u0130\u015fleme Politikas\u0131\u2019nda yer alan kurallar uygulan\u0131r.<\/p>\n\n\n\n<h3 class=\"wp-block-heading\"><a id=\"_Toc181886587\"><strong>5.5.&nbsp; <\/strong><strong>Envanter\u2019e ili\u015fkin Y\u00fck\u00fcml\u00fcl\u00fckler<\/strong><\/a><strong><\/strong><\/h3>\n\n\n\n<p>\u015eirket\u2019in Ki\u015fisel Veri i\u015fleme s\u00fcre\u00e7lerine ili\u015fkin bilgilere Envanter\u2019de yer verilir. Envanter g\u00fcncel tutulur. \u015eirket\u2019in mevcut ki\u015fisel veri i\u015fleme s\u00fcre\u00e7lerinde bir de\u011fi\u015fiklik olmas\u0131 halinde Envanter\u2019de ilgili Ki\u015fisel Veri i\u015fleme s\u00fcreci uygun \u015fekilde g\u00fcncellenir. \u015eirket\u2019in yeni bir Ki\u015fisel Veri i\u015fleme s\u00fcrecine ba\u015flayacak olmas\u0131 halinde ise ilgili Ki\u015fisel Veri i\u015fleme s\u00fcreci Envanter\u2019e uygun \u015fekilde i\u015flenir.<\/p>\n\n\n\n<h3 class=\"wp-block-heading\"><a id=\"_Toc181886588\"><strong>5.6.&nbsp; <\/strong><strong>Veri G\u00fcvenli\u011fi\u2019ne ili\u015fkin Y\u00fck\u00fcml\u00fcl\u00fckler<\/strong><\/a><strong><\/strong><\/h3>\n\n\n\n<p>\u015eirket, Ki\u015fisel Veriler\u2019i i\u015flerken:<\/p>\n\n\n\n<ul class=\"wp-block-list\">\n<li>ki\u015fisel verilerin hukuka ayk\u0131r\u0131 olarak i\u015flenmesini \u00f6nlemek,<\/li>\n\n\n\n<li>ki\u015fisel verilere hukuka ayk\u0131r\u0131 olarak eri\u015filmesini \u00f6nlemek ve<\/li>\n\n\n\n<li>ki\u015fisel verilerin muhafazas\u0131n\u0131 sa\u011flamak<\/li>\n<\/ul>\n\n\n\n<p>amac\u0131yla uygun g\u00fcvenlik d\u00fczeyini temin etmeye y\u00f6nelik her t\u00fcrl\u00fc teknik ve idari tedbirleri al\u0131r.<\/p>\n\n\n\n<p>Bu tedbirler a\u015fa\u011f\u0131daki gibidir:<\/p>\n\n\n\n<h3 class=\"wp-block-heading\"><a id=\"_Toc181886589\"><strong>5.6.1. <\/strong><strong>Ki\u015fisel Veriler\u2019in Hukuka Uygun \u0130\u015flenmesini Sa\u011flamak i\u00e7in Al\u0131nan Teknik Tedbirler<\/strong><\/a><strong><\/strong><\/h3>\n\n\n\n<ul class=\"wp-block-list\">\n<li>Ki\u015fisel Veri i\u00e7eren fiziksel ortamlara giri\u015f \u00e7\u0131k\u0131\u015flarla ilgili gerekli g\u00fcvenlik \u00f6nlemleri al\u0131nmaktad\u0131r.<\/li>\n\n\n\n<li>Ki\u015fisel Veri i\u00e7eren fiziksel ortamlar\u0131n d\u0131\u015f risklere (yang\u0131n, sel vb.) kar\u015f\u0131 g\u00fcvenli\u011fi sa\u011flanmaktad\u0131r.<\/li>\n\n\n\n<li>Ki\u015fisel Veri i\u00e7eren k\u00e2\u011f\u0131t ortam\u0131ndaki evraklar, sunucular, yedekleme cihazlar\u0131, CD, DVD ve USB gibi cihazlar\u0131n ek g\u00fcvenlik \u00f6nlemlerinin farkl\u0131 bir ortamda saklanmas\u0131, kullan\u0131lmad\u0131klar\u0131 zamanlarda kilit alt\u0131nda tutulmas\u0131, giri\u015f-\u00e7\u0131k\u0131\u015f kay\u0131tlar\u0131n\u0131n tutulmas\u0131 gibi ek tedbirler al\u0131nmaktad\u0131r.<\/li>\n\n\n\n<li>A\u011f g\u00fcvenli\u011fi ve uygulama g\u00fcvenli\u011fi sa\u011flanmaktad\u0131r.<\/li>\n\n\n\n<li>A\u011f yoluyla ki\u015fisel veri aktar\u0131mlar\u0131nda kapal\u0131 sistem a\u011f kullan\u0131lmaktad\u0131r.<\/li>\n\n\n\n<li>Anahtar y\u00f6netimi uygulanmaktad\u0131r.<\/li>\n\n\n\n<li>Bulutta depolanan ki\u015fisel veriler kriptografik y\u00f6ntemlerle \u015fifrelenmekte ve her bir bulut \u00e7\u00f6z\u00fcm\u00fc i\u00e7in ayr\u0131 ayr\u0131 \u015fifreleme yap\u0131lmaktad\u0131r.<\/li>\n\n\n\n<li>Bilgi teknolojileri sistemleri tedarik, geli\u015ftirme ve bak\u0131m\u0131 kapsam\u0131ndaki g\u00fcvenlik \u00f6nlemleri al\u0131nmaktad\u0131r.<\/li>\n\n\n\n<li>\u00c7al\u0131\u015fanlar i\u00e7in veri g\u00fcvenli\u011fi konusunda belli aral\u0131klarla e\u011fitim ve fark\u0131ndal\u0131k \u00e7al\u0131\u015fmalar\u0131 yap\u0131lmaktad\u0131r.<\/li>\n\n\n\n<li>\u00c7al\u0131\u015fanlar i\u00e7in yetki matrisi olu\u015fturulmu\u015ftur.<\/li>\n\n\n\n<li>Eri\u015fim loglar\u0131 d\u00fczenli olarak tutulmaktad\u0131r.<\/li>\n\n\n\n<li>Gizlilik taahh\u00fctnameleri yap\u0131lmaktad\u0131r.<\/li>\n\n\n\n<li>G\u00f6rev de\u011fi\u015fikli\u011fi olan ya da i\u015ften ayr\u0131lan \u00e7al\u0131\u015fanlar\u0131n bu alandaki yetkileri kald\u0131r\u0131lmaktad\u0131r.<\/li>\n\n\n\n<li>G\u00fcncel anti-vir\u00fcs ve anti-spam sistemleri kullan\u0131lmaktad\u0131r.<\/li>\n\n\n\n<li>Yaz\u0131l\u0131m ve donan\u0131mlar\u0131n yama y\u00f6netimi ve g\u00fcncellemeleri d\u00fczenli olarak kontrol edilmektedir.<\/li>\n\n\n\n<li>G\u00fcvenlik duvarlar\u0131 kullan\u0131lmaktad\u0131r.<\/li>\n\n\n\n<li>\u0130mzalanan s\u00f6zle\u015fmeler veri g\u00fcvenli\u011fi h\u00fck\u00fcmleri i\u00e7ermektedir.<\/li>\n\n\n\n<li>Kullan\u0131c\u0131 hesap y\u00f6netimi ve yetki kontrol sistemi uygulanmakta olup bunlar\u0131n takibi de yap\u0131lmaktad\u0131r.<\/li>\n\n\n\n<li>Kurum i\u00e7i periyodik ve\/veya rastgele denetimler yap\u0131lmakta ve yapt\u0131r\u0131lmaktad\u0131r.<\/li>\n\n\n\n<li>Mevcut risk ve tehditler belirlenmi\u015ftir.<\/li>\n\n\n\n<li>Sald\u0131r\u0131 tespit ve \u00f6nleme sistemleri kullan\u0131lmaktad\u0131r.<\/li>\n\n\n\n<li>S\u0131zma testi uygulanmaktad\u0131r.<\/li>\n\n\n\n<li>Siber g\u00fcvenlik \u00f6nlemleri al\u0131nm\u0131\u015f olup uygulanmas\u0131 s\u00fcrekli takip edilmektedir.<\/li>\n<\/ul>\n\n\n\n<h3 class=\"wp-block-heading\"><strong>5.6.2.<\/strong><a id=\"_Toc181886590\"><strong>Ki\u015fisel Verilerin Hukuka Uygun \u0130\u015flenmesini Sa\u011flamak i\u00e7in Al\u0131nan \u0130dari Tedbirler<\/strong><\/a><strong>\u00a0<\/strong><\/h3>\n\n\n\n<p>\u015eirket taraf\u0131ndan ki\u015fisel verilerin hukuka uygun i\u015flenmesini sa\u011flamak i\u00e7in al\u0131nan ba\u015fl\u0131ca idari tedbirler a\u015fa\u011f\u0131da s\u0131ralanmaktad\u0131r:<\/p>\n\n\n\n<ul class=\"wp-block-list\">\n<li>Envanter haz\u0131rlanm\u0131\u015f ve periyodik olarak g\u00f6zden ge\u00e7irilmektedir.<\/li>\n\n\n\n<li>Envanter \u00e7er\u00e7evesinde hukuki y\u00fck\u00fcml\u00fcl\u00fcklerin yerine getirilmesi i\u00e7in \u00e7al\u0131\u015fmalar yap\u0131lm\u0131\u015f, \u015eirket belgeleri KVK Mevzuat\u0131 a\u00e7\u0131s\u0131ndan incelenerek bu belgeler \u00fczerinde gerekli de\u011fi\u015fiklikler yap\u0131lm\u0131\u015f ve eksik olan belgeler haz\u0131rlanm\u0131\u015ft\u0131r.<\/li>\n\n\n\n<li>\u0130mzalanan s\u00f6zle\u015fmeler veri g\u00fcvenli\u011fi h\u00fck\u00fcmleri i\u00e7ermektedir.<\/li>\n\n\n\n<li>Gizlilik taahh\u00fctnameleri yap\u0131lmaktad\u0131r.<\/li>\n\n\n\n<li>\u00c7al\u0131\u015fanlar i\u00e7in Kanun ve bilgi g\u00fcvenli\u011fi kapsam\u0131nda fark\u0131ndal\u0131k \u00e7al\u0131\u015fmalar\u0131 ve fark\u0131ndal\u0131k e\u011fitimleri d\u00fczenlenmektedir.<\/li>\n\n\n\n<li>\u015eirket ile \u00c7al\u0131\u015fanlar aras\u0131ndaki hukuki ili\u015fkiyi y\u00f6neten s\u00f6zle\u015fme ve belgelere, ki\u015fisel verileri i\u015flememe, if\u015fa etmeme ve kullanmama y\u00fck\u00fcml\u00fcl\u00fc\u011f\u00fc getiren kay\u0131tlar konulmakta ve denetimler y\u00fcr\u00fct\u00fclerek Kanun\u2019dan do\u011fan y\u00fck\u00fcml\u00fcl\u00fckler yerine getirilmektedir. \u00c7al\u0131\u015fanlar i\u00e7in veri g\u00fcvenli\u011fi h\u00fck\u00fcmleri i\u00e7eren disiplin d\u00fczenlemeleri mevcuttur.<\/li>\n\n\n\n<li>\u00c7al\u0131\u015fanlar i\u00e7in Yetki Matrisi olu\u015fturulmu\u015ftur ve d\u00fczenli olarak g\u00f6zden ge\u00e7irilmektedir.<\/li>\n\n\n\n<li>Eri\u015fim, bilgi g\u00fcvenli\u011fi, kullan\u0131m, saklama ve imha konular\u0131nda kurumsal politikalar haz\u0131rlanm\u0131\u015f ve uygulamaya ba\u015flanm\u0131\u015ft\u0131r.<\/li>\n\n\n\n<li>Ki\u015fisel veri i\u00e7eren fiziksel ortamlara giri\u015f \u00e7\u0131k\u0131\u015flarla ilgili gerekli g\u00fcvenlik \u00f6nlemleri al\u0131nmaktad\u0131r.<\/li>\n\n\n\n<li>Gizlilik taahh\u00fctnameleri yap\u0131lmaktad\u0131r.<\/li>\n\n\n\n<li>\u0130mzalanan s\u00f6zle\u015fmeler ki\u015fisel veri g\u00fcvenli\u011fi h\u00fck\u00fcmleri i\u00e7ermektedir.<\/li>\n\n\n\n<li>Ki\u015fisel Veri g\u00fcvenli\u011fi politika ve prosed\u00fcrleri belirlenmi\u015ftir.<\/li>\n\n\n\n<li>Ki\u015fisel Veri g\u00fcvenli\u011fi sorunlar\u0131 h\u0131zl\u0131 bir \u015fekilde raporlanmaktad\u0131r.<\/li>\n\n\n\n<li>Ki\u015fisel Veri g\u00fcvenli\u011finin takibi yap\u0131lmaktad\u0131r.<\/li>\n\n\n\n<li>Ki\u015fisel Veri i\u00e7eren ortamlar\u0131n g\u00fcvenli\u011fi sa\u011flanmaktad\u0131r.<\/li>\n\n\n\n<li>Ki\u015fisel Veriler m\u00fcmk\u00fcn oldu\u011funca azalt\u0131lmaktad\u0131r.<\/li>\n\n\n\n<li>Ki\u015fisel Veriler yedeklenmekte ve yedeklenen ki\u015fisel verilerin g\u00fcvenli\u011fi de sa\u011flanmaktad\u0131r.<\/li>\n\n\n\n<li>Mevcut risk ve tehditler belirlenmi\u015ftir.<\/li>\n\n\n\n<li>\u00d6zel nitelikli ki\u015fisel veri g\u00fcvenli\u011fine y\u00f6nelik protokol ve prosed\u00fcrler belirlenmi\u015f ve uygulanmaktad\u0131r.<\/li>\n\n\n\n<li>Veri \u0130\u015fleyen hizmet sa\u011flay\u0131c\u0131lar\u0131n\u0131n, veri g\u00fcvenli\u011fi konusunda fark\u0131ndal\u0131\u011f\u0131 sa\u011flanmaktad\u0131r.<\/li>\n\n\n\n<li>Veri \u0130\u015fleyen hizmet sa\u011flay\u0131c\u0131lar\u0131n\u0131n veri g\u00fcvenli\u011fi konusunda belli aral\u0131klarla denetimi sa\u011flanmaktad\u0131r.<\/li>\n<\/ul>\n\n\n\n<h3 class=\"wp-block-heading\"><a id=\"_Toc181886591\"><strong>5.6.3. <\/strong><strong>Ki\u015fisel Verilerin Aktar\u0131lmas\u0131nda Uyulacak Teknik ve \u0130dari Tedbirler<\/strong><\/a><strong><\/strong><\/h3>\n\n\n\n<p>\u015eirket, Ki\u015fisel Veriler\u2019in aktar\u0131lmas\u0131na ili\u015fkin gerekli teknik ve idari tedbirleri al\u0131r.&nbsp;<\/p>\n\n\n\n<h3 class=\"wp-block-heading\"><a id=\"_Toc181886592\"><strong>5.6.3.1.&nbsp;&nbsp;&nbsp;&nbsp; <\/strong><strong>Ki\u015fisel Verilerin Aktar\u0131lmas\u0131nda Al\u0131nan Teknik Tedbirler<\/strong><\/a><strong><\/strong><\/h3>\n\n\n\n<ul class=\"wp-block-list\">\n<li>A\u011f g\u00fcvenli\u011fi ve uygulama g\u00fcvenli\u011fi sa\u011flanmaktad\u0131r.<\/li>\n\n\n\n<li>A\u011f yoluyla Ki\u015fisel Veri aktar\u0131mlar\u0131nda kapal\u0131 sistem a\u011f kullan\u0131lmaktad\u0131r.<\/li>\n\n\n\n<li>Veri kayb\u0131 \u00f6nleme yaz\u0131l\u0131mlar\u0131 kullan\u0131lmaktad\u0131r.<\/li>\n<\/ul>\n\n\n\n<h3 class=\"wp-block-heading\"><a id=\"_Toc181886593\"><strong>5.6.3.2.&nbsp;&nbsp;&nbsp;&nbsp; <\/strong><strong>Ki\u015fisel Verilerin Aktar\u0131lmas\u0131nda Al\u0131nan \u0130dari Tedbirler<\/strong><\/a><strong><\/strong><\/h3>\n\n\n\n<ul class=\"wp-block-list\">\n<li>Ki\u015fisel verilerin aktar\u0131laca\u011f\u0131 Al\u0131c\u0131 Grubu ile standart ki\u015fisel veri i\u015fleme s\u00f6zle\u015fmesi imzalan\u0131r.<\/li>\n\n\n\n<li>Gizlilik taahh\u00fctnameleri yap\u0131lmaktad\u0131r.<\/li>\n\n\n\n<li>Veri \u0130\u015fleyen hizmet sa\u011flay\u0131c\u0131lar\u0131n\u0131n veri g\u00fcvenli\u011fi konusunda belli aral\u0131klarla denetimi sa\u011flanmaktad\u0131r.<\/li>\n\n\n\n<li>Veri \u0130\u015fleyen hizmet sa\u011flay\u0131c\u0131lar\u0131n\u0131n, veri g\u00fcvenli\u011fi konusunda fark\u0131ndal\u0131\u011f\u0131 sa\u011flanmaktad\u0131r.<\/li>\n<\/ul>\n\n\n\n<h3 class=\"wp-block-heading\"><a id=\"_Toc181886594\"><strong>5.6.4. <\/strong><strong>Ki\u015fisel Verilerin Hukuka Ayk\u0131r\u0131 Eri\u015fimini Engellemek i\u00e7in Al\u0131nan Teknik ve \u0130dari Tedbirler<\/strong><\/a><strong><\/strong><\/h3>\n\n\n\n<p>\u015eirket, ki\u015fisel verilere yetkisiz eri\u015fim sa\u011flanmas\u0131, ki\u015fisel verilerin payla\u015f\u0131lmas\u0131 veya ki\u015fisel verilere ba\u015fka \u015fekillerdeki t\u00fcm hukuka ayk\u0131r\u0131 eri\u015fimi \u00f6nlemek i\u00e7in uygulama gereklili\u011fi ve maliyetine g\u00f6re gerekli teknik ve idari tedbirleri al\u0131r.<\/p>\n\n\n\n<h3 class=\"wp-block-heading\"><a id=\"_Toc181886595\"><strong>5.6.4.1.&nbsp;&nbsp;&nbsp;&nbsp; <\/strong><strong>Ki\u015fisel Veriler\u2019in Hukuka Ayk\u0131r\u0131 Eri\u015fimini Engellemek i\u00e7in Al\u0131nan Teknik Tedbirler<\/strong><\/a><strong><\/strong><\/h3>\n\n\n\n<p>\u015eirket taraf\u0131ndan Ki\u015fisel Veriler\u2019in hukuka ayk\u0131r\u0131 eri\u015fimini engellemek i\u00e7in al\u0131nan ba\u015fl\u0131ca teknik tedbirler a\u015fa\u011f\u0131da s\u0131ralanmaktad\u0131r:<\/p>\n\n\n\n<ul class=\"wp-block-list\">\n<li>Ki\u015fisel Veri i\u00e7eren ortamlar\u0131n g\u00fcvenli\u011fi sa\u011flanmaktad\u0131r.<\/li>\n\n\n\n<li>Ki\u015fisel Veri i\u00e7eren k\u00e2\u011f\u0131t ortam\u0131ndaki evraklar, sunucular, yedekleme cihazlar\u0131, CD, DVD ve USB gibi cihazlar\u0131n ek g\u00fcvenlik \u00f6nlemlerinin farkl\u0131 bir ortamda saklanmas\u0131, kullan\u0131lmad\u0131klar\u0131 zamanlarda kilit alt\u0131nda tutulmas\u0131, giri\u015f-\u00e7\u0131k\u0131\u015f kay\u0131tlar\u0131n\u0131n tutulmas\u0131 gibi ek tedbirler al\u0131nmaktad\u0131r.<\/li>\n\n\n\n<li>Ki\u015fisel Veri i\u00e7eren fiziksel ortamlara giri\u015f \u00e7\u0131k\u0131\u015flarla ilgili gerekli g\u00fcvenlik \u00f6nlemleri al\u0131nmaktad\u0131r. Eri\u015fim loglar\u0131 d\u00fczenli olarak ve log kay\u0131tlar\u0131na kullan\u0131c\u0131 m\u00fcdahalesi olmayacak \u015fekilde tutulmaktad\u0131r.<\/li>\n\n\n\n<li>\u00a0Eri\u015fim yetkileri s\u0131n\u0131rland\u0131r\u0131lm\u0131\u015ft\u0131r ve yetkiler periyodik olarak g\u00f6zden ge\u00e7irilmektedir. Al\u0131nan teknik \u00f6nlemler periyodik olarak i\u00e7 denetim tetkiklerle kontrol edilerek ilgilisine raporlanmakta, risk te\u015fkil eden hususlar yeniden de\u011ferlendirilerek d\u00fczeltici faaliyet \u00e7er\u00e7evesinde gerekli \u00e7\u00f6z\u00fcm \u00fcretilmektedir.<\/li>\n\n\n\n<li>G\u00f6rev de\u011fi\u015fikli\u011fi olan ya da i\u015ften ayr\u0131lan \u00e7al\u0131\u015fanlar\u0131n bu alandaki yetkileri kald\u0131r\u0131lmaktad\u0131r.<\/li>\n\n\n\n<li>Kullan\u0131c\u0131 hesap y\u00f6netimi ve yetki kontrol sistemi uygulanmakta olup bunlar\u0131n takibi de yap\u0131lmaktad\u0131r.<\/li>\n\n\n\n<li>Anahtar y\u00f6netimi uygulanmaktad\u0131r.<\/li>\n\n\n\n<li>Kullan\u0131c\u0131 hesap y\u00f6netimi ve yetki kontrol sistemi uygulanmakta olup bunlar\u0131n takibi de yap\u0131lmaktad\u0131r.<\/li>\n\n\n\n<li>Bulutta depolanan ki\u015fisel veriler kriptografik y\u00f6ntemlerle \u015fifrelenmekte ve bu Ki\u015fisel Veriler\u2019in g\u00fcvenli\u011fi sa\u011flanmaktad\u0131r.<\/li>\n\n\n\n<li>\u015eifreleme yap\u0131lmaktad\u0131r.<\/li>\n\n\n\n<li>Gerekti\u011finde veri maskeleme \u00f6nlemi uygulanmaktad\u0131r.<\/li>\n\n\n\n<li>G\u00fcncel anti-vir\u00fcs ve anti-spam sistemleri kullan\u0131lmaktad\u0131r.<\/li>\n\n\n\n<li>G\u00fcvenlik duvarlar\u0131 kullan\u0131lmaktad\u0131r.<\/li>\n\n\n\n<li>K\u00f6t\u00fcc\u00fcl yaz\u0131l\u0131m koruma sistemleri ve g\u00fcvenlik duvarlar\u0131n\u0131 i\u00e7eren yaz\u0131l\u0131mlar ve donan\u0131mlar kurulmaktad\u0131r.<\/li>\n\n\n\n<li>Teknik konularda alan\u0131nda e\u011fitim g\u00f6rm\u00fc\u015f ya da yeti\u015fmi\u015f personel istihdam edilmektedir.<\/li>\n\n\n\n<li>Ki\u015fisel Veriler\u2019in topland\u0131\u011f\u0131 uygulamalardaki g\u00fcvenlik a\u00e7\u0131klar\u0131n\u0131 saptamak i\u00e7in d\u00fczenli olarak g\u00fcvenlik taramalar\u0131ndan ge\u00e7irilmektedir. \u00a0\u00a0\u00a0\u00a0\u00a0\u00a0\u00a0\u00a0\u00a0\u00a0 Tespit edilen a\u00e7\u0131klar\u0131n kapat\u0131lmas\u0131 sa\u011flanmaktad\u0131r.<\/li>\n\n\n\n<li>S\u0131zma testi uygulanmaktad\u0131r.<\/li>\n\n\n\n<li>Sald\u0131r\u0131 tespit ve \u00f6nleme sistemleri kullan\u0131lmaktad\u0131r.<\/li>\n\n\n\n<li>Siber g\u00fcvenlik \u00f6nlemleri al\u0131nm\u0131\u015f olup uygulanmas\u0131 s\u00fcrekli takip edilmektedir.<\/li>\n<\/ul>\n\n\n\n<h3 class=\"wp-block-heading\"><a id=\"_Toc181886596\"><strong>5.6.4.2.&nbsp;&nbsp;&nbsp;&nbsp; <\/strong><strong>Ki\u015fisel Verilerin Hukuka Ayk\u0131r\u0131 Eri\u015fimini Engellemek i\u00e7in Al\u0131nan \u0130dari Tedbirler<\/strong><\/a><strong><\/strong><\/h3>\n\n\n\n<p>\u015eirket taraf\u0131ndan Ki\u015fisel Veriler\u2019in hukuka ayk\u0131r\u0131 eri\u015fimini engellemek i\u00e7in al\u0131nan ba\u015fl\u0131ca idari tedbirler a\u015fa\u011f\u0131da s\u0131ralanmaktad\u0131r:<\/p>\n\n\n\n<ul class=\"wp-block-list\">\n<li>\u00c7al\u0131\u015fanlar i\u00e7in Kanun ve bilgi g\u00fcvenli\u011fi kapsam\u0131nda fark\u0131ndal\u0131k \u00e7al\u0131\u015fmalar\u0131 ve fark\u0131ndal\u0131k e\u011fitimleri d\u00fczenlenmektedir.<\/li>\n\n\n\n<li>\u00c7al\u0131\u015fanlar i\u00e7in yetki matrisi olu\u015fturulmu\u015ftur.<\/li>\n\n\n\n<li>\u0130\u015f birimi ve s\u00fcre\u00e7 baz\u0131nda yetki matrisleri haz\u0131rlanm\u0131\u015f ve yetkilendirmeler yetki matrisine g\u00f6re yap\u0131lm\u0131\u015ft\u0131r. Verilen yetkiler d\u00fczenli olarak kontrol edilerek yetki matrisinin g\u00fcncel tutulmas\u0131 konusunda gerekli hassasiyet g\u00f6sterilmektedir.<\/li>\n\n\n\n<li>\u00c7al\u0131\u015fanlar, \u00f6\u011frendikleri Ki\u015fisel Veriler\u2019i Kanun h\u00fck\u00fcmlerine ayk\u0131r\u0131 olarak ba\u015fkas\u0131na a\u00e7\u0131klayamayacaklar\u0131 ve i\u015fleme amac\u0131 d\u0131\u015f\u0131nda kullanamayacaklar\u0131 ve bu y\u00fck\u00fcml\u00fcl\u00fc\u011f\u00fcn g\u00f6revden ayr\u0131lmalar\u0131ndan sonra da devam edece\u011fi konusunda bilgilendirilmekte ve bu do\u011frultuda kendilerinden gerekli taahh\u00fctler al\u0131nmaktad\u0131r. \u00c7al\u0131\u015fanlar i\u00e7in veri g\u00fcvenli\u011fi h\u00fck\u00fcmleri i\u00e7eren disiplin d\u00fczenlemeleri mevcuttur.<\/li>\n\n\n\n<li>\u015eirket taraf\u0131ndan Ki\u015fisel Veriler\u2019in hukuka uygun olarak aktar\u0131ld\u0131\u011f\u0131 Al\u0131c\u0131 Grubu ile imzalad\u0131\u011f\u0131 s\u00f6zle\u015fmelere Kanun\u2019a uyumluluk i\u00e7in gerekli tedbirlerin al\u0131nd\u0131\u011f\u0131na ve \u015eirket\u2019in belirledi\u011fi politikalar\u0131n uyguland\u0131\u011f\u0131na dair denetim uygulanaca\u011f\u0131na ili\u015fkin h\u00fck\u00fcmler eklenmektedir. Veri \u0130\u015fleyen hizmet sa\u011flay\u0131c\u0131lar\u0131n\u0131n veri g\u00fcvenli\u011fi konusunda belli aral\u0131klarla denetimi sa\u011flanmaktad\u0131r.<\/li>\n\n\n\n<li>Veri \u0130\u015fleyen hizmet sa\u011flay\u0131c\u0131lar\u0131n\u0131n, veri g\u00fcvenli\u011fi konusunda fark\u0131ndal\u0131\u011f\u0131 sa\u011flanmaktad\u0131r.<\/li>\n\n\n\n<li>Eri\u015fim, bilgi g\u00fcvenli\u011fi, kullan\u0131m, saklama ve imha konular\u0131nda kurumsal politikalar haz\u0131rlanm\u0131\u015f ve uygulamaya ba\u015flanm\u0131\u015ft\u0131r.<\/li>\n<\/ul>\n\n\n\n<h3 class=\"wp-block-heading\"><a id=\"_Toc181886597\"><strong>5.6.5. <\/strong><strong>Ki\u015fisel Verilerin G\u00fcvenli Ortamlarda Saklanmas\u0131<\/strong><\/a><strong><\/strong><\/h3>\n\n\n\n<p>\u015eirket, Ki\u015fisel Veriler\u2019in g\u00fcvenli ortamlarda saklanmas\u0131 ve veri b\u00fct\u00fcnl\u00fc\u011f\u00fcn\u00fcn bozulmamas\u0131, yetkisiz eri\u015fimlerin engellenmesi, hukuka ayk\u0131r\u0131 ama\u00e7larla yok edilmesini ve kaybolmas\u0131n\u0131 \u00f6nlemek i\u00e7in uygulama gereklili\u011fi ve maliyetine g\u00f6re teknik ve idari tedbirler almaktad\u0131r.<\/p>\n\n\n\n<h3 class=\"wp-block-heading\"><a id=\"_Toc181886598\"><strong>5.6.5.1.&nbsp;&nbsp;&nbsp;&nbsp; <\/strong><strong>Ki\u015fisel Verilerin G\u00fcvenli Ortamlarda Saklanmas\u0131 i\u00e7in Al\u0131nan Teknik Tedbirler<\/strong><\/a><strong><\/strong><\/h3>\n\n\n\n<p>\u015eirket taraf\u0131ndan Ki\u015fisel Veriler\u2019in g\u00fcvenli ortamlarda saklanmas\u0131 i\u00e7in al\u0131nan ba\u015fl\u0131ca teknik tedbirler a\u015fa\u011f\u0131daki gibidir:<\/p>\n\n\n\n<ul class=\"wp-block-list\">\n<li>Ki\u015fisel Veriler\u2019in g\u00fcvenli ortamlarda saklanmas\u0131 i\u00e7in teknolojik geli\u015fmelere uygun sistemler kullan\u0131lmaktad\u0131r.<\/li>\n\n\n\n<li>Ki\u015fisel Veri\u2019nin sakland\u0131\u011f\u0131 alanlara g\u00f6re fiziksel ya da yaz\u0131l\u0131msal g\u00fcvenlik sistemleri kurulmakta, bili\u015fim altyap\u0131s\u0131 \u00fczerindeki g\u00fcvenlik zafiyetlerinin tespitine y\u00f6nelik g\u00fcvenlik testleri yap\u0131lmakta, yap\u0131lan test sonucunda tespit edilen mevcut ya da muhtemel risk te\u015fkil eden hususlar d\u00fczeltici faaliyet kapsam\u0131nda giderilmektedir. Al\u0131nan teknik ve idari tedbirlerin uyguland\u0131\u011f\u0131 periyodik i\u00e7 tetkiklerle kontrol edilir ve raporlan\u0131r.<\/li>\n\n\n\n<li>Ki\u015fisel Veri i\u00e7eren k\u00e2\u011f\u0131t ortam\u0131ndaki evraklar, sunucular, yedekleme cihazlar\u0131, CD, DVD ve USB gibi cihazlar\u0131n ek g\u00fcvenlik \u00f6nlemlerinin farkl\u0131 bir ortamda saklanmas\u0131, kullan\u0131lmad\u0131klar\u0131 zamanlarda kilit alt\u0131nda tutulmas\u0131, giri\u015f-\u00e7\u0131k\u0131\u015f kay\u0131tlar\u0131n\u0131n tutulmas\u0131 gibi ek tedbirler al\u0131nmaktad\u0131r. \u00a0<\/li>\n\n\n\n<li>Ki\u015fisel Veri i\u00e7eren fiziksel ortamlar\u0131n d\u0131\u015f risklere (yang\u0131n, sel vb.) kar\u015f\u0131 g\u00fcvenli\u011fi sa\u011flanmaktad\u0131r.<\/li>\n\n\n\n<li>Teknik konularda alan\u0131nda e\u011fitim g\u00f6rm\u00fc\u015f ya da yeti\u015fmi\u015f personel istihdam edilmektedir.<\/li>\n\n\n\n<li>Ki\u015fisel Veriler\u2019in kontrol\u00fcn\u00fcn kaybedilmesi ya da bozulmas\u0131 riskine kar\u015f\u0131 hukuka uygun bir bi\u00e7imde yedekleme sistemi kullan\u0131lmaktad\u0131r.<\/li>\n\n\n\n<li>Ki\u015fisel Veriler\u2019in tutuldu\u011fu ortamlara yetki matrisine g\u00f6re eri\u015fim verilerek ve veriye eri\u015fim k\u0131s\u0131tlanarak yaln\u0131zca yetkili ki\u015filerin bu verilere eri\u015fmesine izin verilmekte, Ki\u015fisel Veriler\u2019in bulundu\u011fu veri depolama alanlar\u0131na eri\u015fimler loglanarak uygunsuz eri\u015fimler veya eri\u015fim denemeleri ilgililere anl\u0131k olarak iletilmektedir.<\/li>\n\n\n\n<li>Ki\u015fisel Veriler veri kayb\u0131 \u00f6nleme yaz\u0131l\u0131mlar\u0131 ile korunmaktad\u0131r.<\/li>\n\n\n\n<li>Log kay\u0131tlar\u0131 kullan\u0131c\u0131 m\u00fcdahalesi olmayacak \u015fekilde tutulmaktad\u0131r.<\/li>\n\n\n\n<li>Ki\u015fisel Veri i\u00e7eren fiziksel ortamlara giri\u015f \u00e7\u0131k\u0131\u015flarla ilgili gerekli g\u00fcvenlik \u00f6nlemleri al\u0131nmaktad\u0131r.<\/li>\n\n\n\n<li>A\u011f g\u00fcvenli\u011fi ve uygulama g\u00fcvenli\u011fi sa\u011flanmaktad\u0131r.<\/li>\n\n\n\n<li>Bilgi teknolojileri sistemleri tedarik, geli\u015ftirme ve bak\u0131m\u0131 kapsam\u0131ndaki g\u00fcvenlik \u00f6nlemleri al\u0131nmaktad\u0131r.<\/li>\n\n\n\n<li>Bulutta depolanan Ki\u015fisel Veriler\u2019in g\u00fcvenli\u011fi sa\u011flanmaktad\u0131r.<\/li>\n\n\n\n<li>Eri\u015fim loglar\u0131 d\u00fczenli olarak ve kullan\u0131c\u0131 m\u00fcdahalesi olmayacak \u015fekilde tutulmaktad\u0131r.<\/li>\n\n\n\n<li>G\u00fcncel anti-vir\u00fcs ve anti-spam sistemleri kullan\u0131lmaktad\u0131r.<\/li>\n\n\n\n<li>G\u00fcvenlik duvarlar\u0131 kullan\u0131lmaktad\u0131r.<\/li>\n\n\n\n<li>Sald\u0131r\u0131 tespit ve \u00f6nleme sistemleri kullan\u0131lmaktad\u0131r.<\/li>\n\n\n\n<li>Siber g\u00fcvenlik \u00f6nlemleri al\u0131nm\u0131\u015f olup uygulanmas\u0131 s\u00fcrekli takip edilmektedir.<\/li>\n\n\n\n<li>S\u0131zma testi uygulanmaktad\u0131r.<\/li>\n<\/ul>\n\n\n\n<h3 class=\"wp-block-heading\"><a id=\"_Toc181886599\"><strong>5.6.5.2.&nbsp;&nbsp;&nbsp;&nbsp; <\/strong><strong>Ki\u015fisel Verilerin G\u00fcvenli Ortamlarda Saklanmas\u0131 i\u00e7in Al\u0131nan \u0130dari Tedbirler<\/strong><\/a><strong><\/strong><\/h3>\n\n\n\n<p>\u015eirket taraf\u0131ndan Ki\u015fisel Veriler\u2019in g\u00fcvenli ortamlarda saklanmas\u0131 i\u00e7in al\u0131nan ba\u015fl\u0131ca idari tedbirler a\u015fa\u011f\u0131da s\u0131ralanmaktad\u0131r:<\/p>\n\n\n\n<ul class=\"wp-block-list\">\n<li>\u00c7al\u0131\u015fanlar i\u00e7in Kanun ve Bilgi G\u00fcvenli\u011fi kapsam\u0131nda fark\u0131ndal\u0131k \u00e7al\u0131\u015fmalar\u0131 ve fark\u0131ndal\u0131k e\u011fitimleri d\u00fczenlenmektedir.<\/li>\n\n\n\n<li>\u015eirket taraf\u0131ndan Ki\u015fisel Veriler\u2019in hukuka uygun olarak aktar\u0131ld\u0131\u011f\u0131 ki\u015filer ile akdedilen s\u00f6zle\u015fmelere Kanun\u2019a uyumluluk i\u00e7in gerekli tedbirlerin al\u0131nd\u0131\u011f\u0131na ve \u015eirket\u2019in belirledi\u011fi politikalar\u0131n uyguland\u0131\u011f\u0131na dair denetim yap\u0131laca\u011f\u0131 eklenmektedir. Veri \u0130\u015fleyen hizmet sa\u011flay\u0131c\u0131lar\u0131n\u0131n veri g\u00fcvenli\u011fi konusunda belli aral\u0131klarla denetimi sa\u011flanmaktad\u0131r.<\/li>\n\n\n\n<li>Mevcut risk ve tehditler belirlenmi\u015ftir.<\/li>\n\n\n\n<li>Eri\u015fim, bilgi g\u00fcvenli\u011fi, kullan\u0131m, saklama ve imha konular\u0131nda kurumsal politikalar haz\u0131rlanm\u0131\u015f ve uygulamaya ba\u015flanm\u0131\u015ft\u0131r.<\/li>\n\n\n\n<li>Veri i\u015fleyen hizmet sa\u011flay\u0131c\u0131lar\u0131n\u0131n, veri g\u00fcvenli\u011fi konusunda fark\u0131ndal\u0131\u011f\u0131 sa\u011flanmaktad\u0131r.<\/li>\n\n\n\n<li>Ki\u015fisel Veri g\u00fcvenli\u011fi politika ve prosed\u00fcrleri belirlenmi\u015ftir.<\/li>\n\n\n\n<li>Ki\u015fisel Veri g\u00fcvenli\u011fi sorunlar\u0131 h\u0131zl\u0131 bir \u015fekilde raporlanmaktad\u0131r.<\/li>\n\n\n\n<li>Ki\u015fisel Veri g\u00fcvenli\u011finin takibi yap\u0131lmaktad\u0131r.<\/li>\n<\/ul>\n\n\n\n<h3 class=\"wp-block-heading\"><a id=\"_Toc181886600\"><strong>5.6.6. <\/strong><strong>Ki\u015fisel Verilerin Korunmas\u0131 Konusunda Al\u0131nan Tedbirlerin Denetimi<\/strong><\/a><strong><\/strong><\/h3>\n\n\n\n<p>\u015eirket, Kanun\u2019un 12. maddesine uygun olarak periyodik i\u00e7 tetkikler ger\u00e7ekle\u015ftirmekte ve raporlamaktad\u0131r. \u0130\u00e7 tetkik ile tespit edilen uygunsuzluklar ve riskler d\u00fczeltici faaliyet kapsam\u0131nda de\u011ferlendirilerek \u00f6nleyici faaliyetler uygulanmaktad\u0131r.<\/p>\n\n\n\n<p>Veri \u0130\u015fleyen hizmet sa\u011flay\u0131c\u0131lar\u0131n\u0131n veri g\u00fcvenli\u011fi konusunda belli aral\u0131klarla denetimi sa\u011flanmaktad\u0131r.<\/p>\n\n\n\n<h3 class=\"wp-block-heading\"><a id=\"_Toc181886601\"><strong>6.&nbsp;&nbsp;&nbsp;&nbsp;&nbsp; <\/strong><strong>K\u0130\u015e\u0130SEL VER\u0130 \u0130HLAL\u0130 HAL\u0130NDE ALINACAK TEDB\u0130RLER<\/strong><\/a><strong><\/strong><\/h3>\n\n\n\n<p>\u015eirket taraf\u0131ndan, Kanun\u2019un 12. maddesine uygun olarak i\u015flenen Ki\u015fisel Veriler\u2019in kanuni olmayan yollarla ba\u015fkalar\u0131 taraf\u0131ndan elde edilmesi halinde, \u201c\u015eirket Ki\u015fisel Veri \u0130hlal Tespit ve M\u00fcdahale Prosed\u00fcr\u00fc\u201dnde yer alan kurallar ve talimatlar uygulan\u0131r.<\/p>\n\n\n\n<h3 class=\"wp-block-heading\"><a id=\"_Toc181886602\"><strong>7.&nbsp;&nbsp;&nbsp;&nbsp;&nbsp; <\/strong><strong>\u015e\u0130RKET\u2019E YAPILACAK \u0130LG\u0130L\u0130 K\u0130\u015e\u0130 BA\u015eVURULARI<\/strong><\/a><strong><\/strong><\/h3>\n\n\n\n<p>\u0130lgili Ki\u015filer, \u015eirket\u2019e ba\u015fvurarak Kanun\u2019un 11. maddesinde say\u0131lan a\u015fa\u011f\u0131daki haklar\u0131n\u0131 ileri s\u00fcrebilir:<\/p>\n\n\n\n<p>a) Ki\u015fisel Veri i\u015flenip i\u015flenmedi\u011fini \u00f6\u011frenme,<\/p>\n\n\n\n<p>b) Ki\u015fisel Veriler\u2019i i\u015flenmi\u015fse buna ili\u015fkin bilgi talep etme,<\/p>\n\n\n\n<p>c) Ki\u015fisel Veriler\u2019in i\u015flenme amac\u0131n\u0131 ve bunlar\u0131n amac\u0131na uygun kullan\u0131l\u0131p kullan\u0131lmad\u0131\u011f\u0131n\u0131 \u00f6\u011frenme,<\/p>\n\n\n\n<p>\u00e7) Yurt i\u00e7inde veya yurt d\u0131\u015f\u0131nda Ki\u015fisel Veriler\u2019in aktar\u0131ld\u0131\u011f\u0131 \u00fc\u00e7\u00fcnc\u00fc ki\u015fileri bilme,<\/p>\n\n\n\n<p>d) Ki\u015fisel Veriler\u2019in eksik veya yanl\u0131\u015f i\u015flenmi\u015f olmas\u0131 h\u00e2linde bunlar\u0131n d\u00fczeltilmesini isteme,<\/p>\n\n\n\n<p>e) Ki\u015fisel Veriler\u2019in silinmesini veya yok edilmesini isteme,<\/p>\n\n\n\n<p>f) (d) ve (e) bentleri uyar\u0131nca yap\u0131lan i\u015flemlerin, Ki\u015fisel Veriler\u2019in aktar\u0131ld\u0131\u011f\u0131 \u00fc\u00e7\u00fcnc\u00fc ki\u015filere bildirilmesini isteme,<\/p>\n\n\n\n<p>g) \u0130\u015flenen Ki\u015fisel Veriler\u2019in m\u00fcnhas\u0131ran otomatik sistemler vas\u0131tas\u0131yla analiz edilmesi suretiyle ki\u015finin kendisi aleyhine bir sonucun ortaya \u00e7\u0131kmas\u0131na itiraz etme,<\/p>\n\n\n\n<p>\u011f) Ki\u015fisel Veriler\u2019in kanuna ayk\u0131r\u0131 olarak i\u015flenmesi sebebiyle zarara u\u011framas\u0131 h\u00e2linde zarar\u0131n giderilmesini talep etme.<\/p>\n\n\n\n<p>\u0130lgili Ki\u015fi ba\u015fvurular\u0131n\u0131n y\u00f6ntemi, ba\u015fvurular\u0131n hangi kanallardan kabul edilece\u011fi, ba\u015fvurunun Kanun\u2019a uygun olup olmad\u0131\u011f\u0131n\u0131n denetlenmesinde esas al\u0131nacak kriterler, ba\u015fvurulara cevap verme usul\u00fc ve s\u00fcresi, ba\u015fvurunun sonu\u00e7land\u0131r\u0131lmas\u0131, ba\u015fvurunun reddi halinde \u0130lgili Ki\u015fi\u2019nin Kurul\u2019a \u015fik\u00e2yette bulunma hakk\u0131na ili\u015fkin detay ve kurallar Kanuna uygun \u015fekilde d\u00fczenlenir.<\/p>\n\n\n\n<h3 class=\"wp-block-heading\"><a id=\"_Toc181886603\"><strong>8.&nbsp;&nbsp;&nbsp;&nbsp;&nbsp; <\/strong><strong>K\u0130\u015e\u0130SEL VER\u0130LER\u0130N SAKLAMA S\u00dcRES\u0130 VE \u0130MHASI<\/strong><\/a><strong><\/strong><\/h3>\n\n\n\n<p>Kanun\u2019un 7. maddesi ve Ki\u015fisel Verilerin Silinmesi, Yok Edilmesi veya Anonim Hale Getirilmesi Hakk\u0131nda Y\u00f6netmelik\u2019in 5. maddesi uyar\u0131nca \u015eirket Ki\u015fisel Veri Saklama ve \u0130mha Politikas\u0131 olu\u015fturulmu\u015ftur.<\/p>\n\n\n\n<p>\u015eirket\u2019in her bir Ki\u015fisel Veri i\u015fleme s\u00fcreci ile ilgili olarak:<\/p>\n\n\n\n<ul class=\"wp-block-list\">\n<li>S\u00fcre\u00e7lere ba\u011fl\u0131 olarak ger\u00e7ekle\u015ftirilen faaliyetler kapsam\u0131ndaki t\u00fcm Ki\u015fisel Veriler\u2019le ilgili Ki\u015fisel Veri baz\u0131nda saklama s\u00fcreleri \u015eirket Envanter\u2019inde,<\/li>\n\n\n\n<li>S\u00fcre\u00e7 baz\u0131nda saklama s\u00fcreleri ise \u015eirket Ki\u015fisel Veri Saklama ve \u0130mha Politikas\u0131\u2019nda<\/li>\n<\/ul>\n\n\n\n<p>yer al\u0131r.<\/p>\n\n\n\n<p>Ki\u015fisel Veriler ve \u00d6zel Nitelikli Ki\u015fisel Veriler KVK Mevzuat\u0131 ve ilgili di\u011fer mevzuatta \u00f6ng\u00f6r\u00fclen s\u00fcrelerle s\u0131n\u0131rl\u0131 olarak saklan\u0131r. Ki\u015fisel Veriler\u2019in ne kadar s\u00fcre boyunca saklanmas\u0131 gerekti\u011fine ili\u015fkin mevzuatta bir s\u00fcre belirtilmemi\u015fse Ki\u015fisel Veriler a\u015fa\u011f\u0131daki kriterler g\u00f6z \u00f6n\u00fcne al\u0131narak belirlenen s\u00fcre boyunca saklan\u0131r ve bu s\u00fcrenin ard\u0131ndan imha edilir:<\/p>\n\n\n\n<ul class=\"wp-block-list\">\n<li>\u0130lgili veri kategorisinin i\u015flenme amac\u0131 kapsam\u0131nda Veri Sorumlusu\u2019nun faaliyet g\u00f6sterdi\u011fi\u00a0sekt\u00f6rde genel team\u00fcl gere\u011fi kabul edilen s\u00fcre,<\/li>\n\n\n\n<li>\u0130lgili veri kategorisinde yer alan Ki\u015fisel Veri\u2019nin i\u015flenmesini gerekli k\u0131lan ve ilgili ki\u015fiyle tesis edilen hukuki ili\u015fkinin devam edece\u011fi s\u00fcre,<\/li>\n\n\n\n<li>\u0130lgili veri kategorisinin i\u015flenme amac\u0131na ba\u011fl\u0131 olarak Veri Sorumlusu\u2019nun elde edece\u011fi me\u015fru menfaatin hukuka ve d\u00fcr\u00fcstl\u00fck kurallar\u0131na uygun olarak ge\u00e7erli olaca\u011f\u0131 s\u00fcre,<\/li>\n\n\n\n<li>\u0130lgili veri kategorisinin i\u015flenme amac\u0131na ba\u011fl\u0131 olarak saklanmas\u0131n\u0131n yarataca\u011f\u0131\u00a0risk, maliyet ve sorumluluklar\u0131n hukuken devam edece\u011fi s\u00fcre,<\/li>\n\n\n\n<li>Belirlenecek azami s\u00fcrenin ilgili veri kategorisinin do\u011fru ve gerekti\u011finde g\u00fcncel tutulmas\u0131na elveri\u015fli olup olmad\u0131\u011f\u0131,<\/li>\n\n\n\n<li>Veri Sorumlusu\u2019nun hukuki y\u00fck\u00fcml\u00fcl\u00fc\u011f\u00fc\u00a0gere\u011fi ilgili veri kategorisinde yer alan Ki\u015fisel Veriler\u2019i saklamak zorunda oldu\u011fu s\u00fcre,<\/li>\n\n\n\n<li>Veri Sorumlusu taraf\u0131ndan, ilgili veri kategorisinde yer alan Ki\u015fisel Veri\u2019ye ba\u011fl\u0131 bir hakk\u0131n ileri s\u00fcr\u00fclmesi i\u00e7in belirlenen\u00a0zamana\u015f\u0131m\u0131\u00a0s\u00fcresi<\/li>\n<\/ul>\n\n\n\n<p>Ki\u015fisel Veriler\u2019in i\u015flenme amac\u0131 sona ermi\u015f; ilgili mevzuat ve \u015eirket taraf\u0131ndan belirlenen saklama s\u00fcrelerinin de sonuna gelinmi\u015fse; Ki\u015fisel Veriler, yaln\u0131zca olas\u0131 hukuki uyu\u015fmazl\u0131klarda delil te\u015fkil etmesi veya Ki\u015fisel Veri\u2019ye ba\u011fl\u0131 ilgili hakk\u0131n ileri s\u00fcr\u00fclebilmesi veya savunman\u0131n tesis edilmesi amac\u0131yla saklanmaya devam edilir Bu s\u00fcreler, ilgili hakk\u0131n ileri s\u00fcr\u00fclebilmesine y\u00f6nelik zaman a\u015f\u0131m\u0131 s\u00fcreleri ile zaman a\u015f\u0131m\u0131 s\u00fcrelerinin ge\u00e7mesine ra\u011fmen daha \u00f6nce ayn\u0131 konularda \u015eirket\u2019e y\u00f6neltilen taleplerdeki \u00f6rnekler esas al\u0131narak saklama s\u00fcreleri belirlenir. Bu durumda, saklanan Ki\u015fisel Veriler\u2019e herhangi bir ba\u015fka ama\u00e7la eri\u015filmez ve ancak ilgili hukuki uyu\u015fmazl\u0131kta kullan\u0131lmas\u0131 gerekti\u011fi zaman ilgili ki\u015fisel verilere eri\u015fim sa\u011flan\u0131r. Burada da bahsi ge\u00e7en s\u00fcre sona erdikten sonra Ki\u015fisel Veriler silinir, yok edilir veya anonim hale getirilir. Ki\u015fisel Veriler imha edilirken \u015eirket Ki\u015fisel Verileri Saklama ve \u0130mha Politikas\u0131\u2019nda yer alan kural ve talimatlara uygun hareket edilir.<\/p>\n\n\n\n<h3 class=\"wp-block-heading\"><a id=\"_Toc181886604\"><strong>9.&nbsp;&nbsp;&nbsp;&nbsp;&nbsp; <\/strong><strong>K\u0130\u015e\u0130SEL VER\u0130 KATEGOR\u0130LER\u0130<\/strong><\/a><strong><\/strong><\/h3>\n\n\n\n<figure class=\"wp-block-table\"><table class=\"has-fixed-layout\"><tbody><tr><td><strong>Ki\u015fisel Veri Kategorisi<\/strong><\/td><td><strong>A\u00e7\u0131klama<\/strong><\/td><\/tr><tr><td><strong>Kimlik Bilgisi<\/strong> <strong>&nbsp;<\/strong><\/td><td>\u0130lgili Ki\u015fi\u2019nin kimli\u011fine dair bilgilerin bulundu\u011fu verilerdir; ad-soyad\u0131, T.C. kimlik numaras\u0131, uyruk bilgisi, anne ad\u0131-baba ad\u0131, do\u011fum yeri, do\u011fum tarihi, cinsiyet gibi bilgileri i\u00e7eren ehliyet, n\u00fcfus c\u00fczdan\u0131 ve pasaport gibi belgeler ile vergi numaras\u0131, SGK numaras\u0131, imza bilgisi vb. bilgiler<\/td><\/tr><tr><td><strong>\u0130leti\u015fim Bilgisi<\/strong><\/td><td>\u0130lgili Ki\u015fi hakk\u0131ndaki telefon numaras\u0131, adres, e-posta adresi, faks numaras\u0131 gibi ileti\u015fim bilgileri<\/td><\/tr><tr><td><strong>Fiziksel Mek\u00e2n G\u00fcvenlik Bilgisi<\/strong><\/td><td>\u0130lgili Ki\u015fi hakk\u0131ndaki fiziksel mek\u00e2na giri\u015fte, fiziksel mek\u00e2n\u0131n i\u00e7erisinde kal\u0131\u015f s\u0131ras\u0131nda al\u0131nan kay\u0131tlar ve belgelere ili\u015fkin ki\u015fisel veriler; kamera kay\u0131tlar\u0131 ve g\u00fcvenlik noktas\u0131nda al\u0131nan kay\u0131tlar vb.<\/td><\/tr><tr><td><strong>Finansal Bilgi<\/strong> <strong>&nbsp;<\/strong><\/td><td>\u0130lgili Ki\u015fi hakk\u0131ndaki her t\u00fcrl\u00fc finansal sonucu g\u00f6steren bilgi, belge ve kay\u0131tlara ili\u015fkin i\u015flenen ki\u015fisel veriler ile banka hesap numaras\u0131, IBAN numaras\u0131, kredi kart\u0131 bilgisi, finansal profil, malvarl\u0131\u011f\u0131 verisi, gelir bilgisi gibi veriler<\/td><\/tr><tr><td><strong>G\u00f6rsel\/\u0130\u015fitsel Bilgi<\/strong> <strong>&nbsp;<\/strong><\/td><td>\u0130lgili Ki\u015fi hakk\u0131ndaki foto\u011fraf ve kamera kay\u0131tlar\u0131 (Fiziksel Mek\u00e2n G\u00fcvenlik Bilgisi kapsam\u0131nda giren kay\u0131tlar hari\u00e7), ses kay\u0131tlar\u0131 ile ki\u015fisel veri i\u00e7eren belgelerin kopyas\u0131 niteli\u011findeki belgelerde yer alan veriler<\/td><\/tr><tr><td><strong>\u00d6zl\u00fck Bilgisi<\/strong> <strong>&nbsp;<\/strong><\/td><td>\u0130lgili Ki\u015fi hakk\u0131ndaki \u00f6zl\u00fck haklar\u0131n\u0131n olu\u015fmas\u0131na temel olacak bilgilerin elde edilmesine y\u00f6nelik i\u015flenen her t\u00fcrl\u00fc ki\u015fisel veri<\/td><\/tr><tr><td><strong>\u00d6zel Nitelikli Ki\u015fisel Veri<\/strong> <strong>&nbsp;<\/strong><\/td><td>\u0130lgili Ki\u015fi\u2019nin \u0131rk\u0131, etnik k\u00f6keni, siyasi d\u00fc\u015f\u00fcncesi, felsefi inanc\u0131, dini, mezhebi veya di\u011fer inan\u00e7lar\u0131, k\u0131l\u0131k ve k\u0131yafeti, dernek, vak\u0131f ya da sendika \u00fcyeli\u011fi, sa\u011fl\u0131\u011f\u0131, cinsel hayat\u0131, ceza mahk\u00fbmiyeti ve g\u00fcvenlik tedbirleriyle ilgili verileri ile biyometrik ve genetik verileri<\/td><\/tr><tr><td><strong>Mesleki Deneyim Bilgisi<\/strong><\/td><td>\u0130lgili Ki\u015fi hakk\u0131ndaki&nbsp;diploma bilgileri, gidilen kurslar, meslek i\u00e7i e\u011fitim bilgileri, sertifikalar, transkript bilgileri&nbsp;gibi veriler<\/td><\/tr><tr><td><strong>M\u00fc\u015fteri \u0130\u015flem Bilgisi<\/strong><\/td><td>\u0130lgili Ki\u015fi hakk\u0131ndaki \u00e7a\u011fr\u0131 merkezi kay\u0131tlar\u0131, fatura, senet, \u00e7ek bilgileri, gi\u015fe dekontlar\u0131ndaki bilgiler, sipari\u015f bilgisi, talep bilgisi&nbsp;gibi veriler<\/td><\/tr><tr><td><strong>\u0130\u015flem G\u00fcvenli\u011fi Bilgisi<\/strong><\/td><td>\u0130lgili Ki\u015fi hakk\u0131ndaki IP adresi bilgileri, internet sitesi giri\u015f \u00e7\u0131k\u0131\u015f bilgileri, \u015fifre ve parola bilgileri gibi veriler<\/td><\/tr><tr><td><strong>Hukuki \u0130\u015flem<\/strong><\/td><td>\u0130lgili Ki\u015fi hakk\u0131ndaki adli makamlarla yaz\u0131\u015fmalardaki bilgiler, dava dosyas\u0131ndaki bilgiler, icra dosyas\u0131ndaki bilgiler&nbsp;gibi veriler<\/td><\/tr><tr><td><strong>Pazarlama<\/strong><\/td><td>\u0130lgili Ki\u015fi hakk\u0131ndaki al\u0131\u015fveri\u015f ge\u00e7mi\u015fi bilgileri, anket, \u00e7erez kay\u0131tlar\u0131, kampanya \u00e7al\u0131\u015fmas\u0131yla elde edilen bilgiler&nbsp;gibi veriler<\/td><\/tr><\/tbody><\/table><\/figure>\n\n\n\n<h3 class=\"wp-block-heading\"><a id=\"_Toc181886605\"><\/a><a><strong>10.&nbsp; <\/strong><strong>G\u00dcNCELLENME PER\u0130YODU<\/strong><\/a><strong><\/strong><\/h3>\n\n\n\n<p>\u015eirket, Kanun\u2019da yap\u0131lan de\u011fi\u015fiklikler nedeniyle, Kurul kararlar\u0131 uyar\u0131nca ya da sekt\u00f6rdeki ya da bili\u015fim alan\u0131ndaki geli\u015fmeler do\u011frultusunda veya herhangi bir nedenle ihtiya\u00e7 duymas\u0131 halinde i\u015fbu Politika\u2019y\u0131 de\u011fi\u015ftirebilir, g\u00fcncelleyebilir.<\/p>\n\n\n\n<p>\u0130\u015fbu Politika\u2019da yap\u0131lan de\u011fi\u015fiklikler derhal metne i\u015flenir, de\u011fi\u015fikliklere ili\u015fkin a\u00e7\u0131klamalar a\u015fa\u011f\u0131daki tabloya i\u015flenir ve Politika\u2019n\u0131n g\u00fcncel versiyonu Komite\u2019nin belirledi\u011fi yetkili taraf\u0131ndan \u015eirket b\u00fcnyesinde ki\u015fisel verilerin tutuldu\u011fu, i\u015flendi\u011fi veya aktar\u0131ld\u0131\u011f\u0131 sistemleri kullanan \/ y\u00f6neten birimler, \u00e7al\u0131\u015fanlar ve ilgili di\u011fer ki\u015filere duyurulur.<\/p>\n\n\n\n<figure class=\"wp-block-table\"><table class=\"has-fixed-layout\"><tbody><tr><td><strong>No<\/strong><\/td><td><strong>Tarih<\/strong><\/td><td><strong>A\u00e7\u0131klama ve Yap\u0131lan De\u011fi\u015fiklikler<\/strong><\/td><\/tr><tr><td>v.1<\/td><td>06\/11\/2024<\/td><td>Ki\u015fisel Veri \u0130\u015fleme ve Koruma Politikas\u0131 yay\u0131mland\u0131.<\/td><\/tr><\/tbody><\/table><\/figure>\n\n\n\n<p><\/p>\n","protected":false},"excerpt":{"rendered":"<p>Z GAYR\u0130MENKUL YATIRIM ORTAKLI\u011eI ANON\u0130M \u015e\u0130RKET\u0130 (\u015e\u0130RKET) K\u0130\u015e\u0130SEL VER\u0130 \u0130\u015eLEME VE KORUMA POL\u0130T\u0130KASI (v.1) 1.&nbsp;&nbsp;&nbsp;&nbsp;&nbsp; AMA\u00c7 \u0130\u015fbu Ki\u015fisel Veri \u0130\u015fleme ve Koruma Politikas\u0131 (\u201cPolitika\u201d), Z Gayrimenkul Yat\u0131r\u0131m Ortakl\u0131\u011f\u0131 Anonim \u015eirketi (\u201c\u015eirket\u201d)\u2019nin ki\u015fisel veri i\u015fleme faaliyetlerine y\u00f6nelik olarak \u015eirket taraf\u0131ndan benimsenen ve uygulanan y\u00f6ntemler ve kurallar konusunda a\u00e7\u0131klamalarda bulunmak amac\u0131 ile olu\u015fturulmu\u015ftur. 2.&nbsp;&nbsp;&nbsp;&nbsp;&nbsp; KAPSAM \u0130\u015fbu Politika, \u015eirket ad\u0131na Veri \u0130\u015fleyenler taraf\u0131ndan ki\u015fisel veri i\u015flenen t\u00fcm ki\u015fisel veri i\u015fleme s\u00fcre\u00e7lerini kapsamakta olup \u015eirket &nbsp;ve\/veya \u015eirket ad\u0131na Veri [&hellip;]<\/p>\n","protected":false},"author":1,"featured_media":0,"parent":0,"menu_order":0,"comment_status":"closed","ping_status":"closed","template":"","meta":{"inspiro_page_layout":"narrow","inspiro_hide_title":false,"footnotes":""},"class_list":["post-364","page","type-page","status-publish","hentry"],"_links":{"self":[{"href":"https:\/\/zgyo.com.tr\/tr\/wp-json\/wp\/v2\/pages\/364","targetHints":{"allow":["GET"]}}],"collection":[{"href":"https:\/\/zgyo.com.tr\/tr\/wp-json\/wp\/v2\/pages"}],"about":[{"href":"https:\/\/zgyo.com.tr\/tr\/wp-json\/wp\/v2\/types\/page"}],"author":[{"embeddable":true,"href":"https:\/\/zgyo.com.tr\/tr\/wp-json\/wp\/v2\/users\/1"}],"replies":[{"embeddable":true,"href":"https:\/\/zgyo.com.tr\/tr\/wp-json\/wp\/v2\/comments?post=364"}],"version-history":[{"count":0,"href":"https:\/\/zgyo.com.tr\/tr\/wp-json\/wp\/v2\/pages\/364\/revisions"}],"wp:attachment":[{"href":"https:\/\/zgyo.com.tr\/tr\/wp-json\/wp\/v2\/media?parent=364"}],"curies":[{"name":"wp","href":"https:\/\/api.w.org\/{rel}","templated":true}]}}