{"id":369,"date":"2025-01-28T19:49:49","date_gmt":"2025-01-28T19:49:49","guid":{"rendered":"https:\/\/zgyo.com.tr\/?page_id=369"},"modified":"2025-04-23T06:08:09","modified_gmt":"2025-04-23T06:08:09","slug":"kvkk-aydinlatma","status":"publish","type":"page","link":"https:\/\/zgyo.com.tr\/tr\/kvkk-aydinlatma\/","title":{"rendered":"KVKK Ayd\u0131nlatma Metni"},"content":{"rendered":"\n<p>\u015eirketimiz taraf\u0131ndan a\u015fa\u011f\u0131da belirtilen ama\u00e7lar ile https:\/\/www.zgyo.com.tr web sitesinin ziyaret\u00e7isi olarak ki\u015fisel verilerinizin i\u015flenmesi faaliyetinde bulunulmaktad\u0131r. \u0130\u015fbu veri i\u015fleme faaliyetleri otomatik olan ya da herhangi bir veri kay\u0131t sisteminin par\u00e7as\u0131 olmak kayd\u0131yla otomatik olmayan yollarla i\u015flenen t\u00fcm ger\u00e7ek ki\u015fi ki\u015fisel veri sahiplerini kapsamaktad\u0131r.<\/p>\n\n\n\n<p>\u015eirketimiz s\u00f6z konusu ki\u015fisel verilerinizin i\u015flenmesinde ve muhafaza edilmesinde Anayasa\u2019ya ve 6698 say\u0131l\u0131 \u201cKi\u015fisel Verilerin Korunmas\u0131 Kanunu\u2019na\u201d uygun davranmakta ve ki\u015fisel verilerinizin g\u00fcvenli\u011fini sa\u011flanmaya azami hassasiyet g\u00f6stererek en \u00fcst seviyede g\u00fcvenlik tedbirlerini almaktad\u0131r.<\/p>\n\n\n\n<p>Bu metinle sizleri 6698 say\u0131l\u0131 \u201cKi\u015fisel Verilerin Korunmas\u0131 Kanunu\u201d m.10\u2019dan do\u011fan ki\u015fisel verilerinizin i\u015flenme ama\u00e7lar\u0131, hukuki dayanaklar\u0131 ve haklar\u0131n\u0131z konusunda ayd\u0131nlatma y\u00fck\u00fcml\u00fcl\u00fc\u011f\u00fcm\u00fcz\u00fc yerine getirilmesi ama\u00e7lanmaktad\u0131r.<\/p>\n\n\n\n<p><strong>1. VER\u0130 SORUMLUSU VE TEMS\u0130LC\u0130S\u0130<\/strong><\/p>\n\n\n\n<p>6698 say\u0131l\u0131 Ki\u015fisel Verilerin Korunmas\u0131 Kanunu (\u201c<strong>KVKK<\/strong>\u201d) uyar\u0131nca, ki\u015fisel verileriniz veri sorumlusu s\u0131fat\u0131yla&nbsp;<strong>Z Gayrimenkul Yat\u0131r\u0131m Ortakl\u0131\u011f\u0131 A.\u015e.<\/strong>&nbsp;(\u201c\u015eirket\u201d) taraf\u0131ndan a\u015fa\u011f\u0131da a\u00e7\u0131kland\u0131\u011f\u0131 \u015fekliyle ve mevzuat\u0131n \u00e7izdi\u011fi s\u0131n\u0131rlar i\u00e7erisinde \u015eirketin internet sitesi de d\u00e2hil olmak \u00fczere i\u015flenecektir.<\/p>\n\n\n\n<p><strong>2. \u0130\u015eLENEN K\u0130\u015e\u0130SEL VER\u0130LER<\/strong><\/p>\n\n\n\n<p>Veri Sorumlusu S\u0131fat\u0131yla Z Gayrimenkul Yat\u0131r\u0131m Ortakl\u0131\u011f\u0131 A.\u015e. (\u201c<strong>\u015eirket<\/strong>\u201d) taraf\u0131ndan&nbsp;<strong>ad\u0131n\u0131z, soyad\u0131n\u0131z, e-posta adresiniz ve GSM\/telefon numaran\u0131z (\u201c\u0130leti\u015fim Verileriniz\u201d)<\/strong>&nbsp;ile bize iletti\u011finiz mesajlar\u0131n\u0131z 6698 say\u0131l\u0131 Ki\u015fisel Verilerin Korunmas\u0131 Kanunu (\u201cKVKK\u201d) 5\u2019inci madde 2\u2019inci f\u0131kras\u0131n\u0131n (d) bendi kapsam\u0131nda taraf\u0131n\u0131zca alenile\u015ftirilmi\u015f olarak \u015fu anda bulundu\u011funuz web sitemizdeki ileti\u015fim formu \u00fczerinden a\u015fa\u011f\u0131daki ama\u00e7larla i\u015flenecektir.<\/p>\n\n\n\n<p><strong>3. K\u0130\u015e\u0130SEL VER\u0130LER\u0130N \u0130\u015eLENME AMACI VE HUKUK\u0130 SEBEP<\/strong><\/p>\n\n\n\n<p>\u015eirketimizin <a href=\"https:\/\/www.zgyo.com.tr\">https:\/\/www.zgyo.com.tr<\/a> adresindeki ileti\u015fim formunu doldurarak iletmeniz s\u0131ras\u0131nda yukar\u0131daki belirtilen ki\u015fisel verileriniz Kanun\u2019un 4 \u00fcnc\u00fc maddesinde temel ilkelere uygun olarak i\u015flenmektedir.<\/p>\n\n\n\n<p>\u015eirketimizin faaliyetlerini en iyi \u015fekilde y\u00fcr\u00fctebilmesi i\u00e7in bir tak\u0131m ki\u015fisel verilerinizin toplan\u0131lmas\u0131, kullan\u0131lmas\u0131 ve i\u015flenmesi y\u00fcksek \u00f6nem arz etmektedir. Ki\u015fisel verileriniz;<\/p>\n\n\n\n<ul class=\"wp-block-list\">\n<li>Hukuki ve ticari g\u00fcvenli\u011fin sa\u011flanmas\u0131,<\/li>\n\n\n\n<li>Uyum ile hukuki s\u00fcre\u00e7lerin s\u00fcrd\u00fcr\u00fclmesi,<\/li>\n\n\n\n<li>Kamu kurum kurulu\u015flar\u0131 ve di\u011fer kurulu\u015flarla ili\u015fkilerin s\u00fcrd\u00fcr\u00fclmesi,<\/li>\n\n\n\n<li>\u0130nsan kaynaklar\u0131 politikalar\u0131n\u0131n belirlenmesi s\u00fcre\u00e7lerinin y\u00fcr\u00fct\u00fclmesi ve icras\u0131,<\/li>\n\n\n\n<li>Kurumsal s\u00fcrd\u00fcr\u00fclebilirlik, kurumsal y\u00f6netim, stratejik planlama ve bilgi g\u00fcvenli\u011fi s\u00fcre\u00e7lerinin planlanmas\u0131 ve icras\u0131,<\/li>\n\n\n\n<li>\u00dcr\u00fcn ve hizmetlerimiz ile ilgili taleplerinize y\u00f6nelik sizlere \u00f6zel hizmette bulunulabilmesi i\u00e7in analiz s\u00fcre\u00e7lerinin y\u00fcr\u00fct\u00fclmesi<\/li>\n\n\n\n<li>Faaliyetlerin mevzuata uygun y\u00fcr\u00fct\u00fclmesi<\/li>\n<\/ul>\n\n\n\n<p>ama\u00e7lar\u0131yla s\u0131n\u0131rl\u0131 olarak i\u015flenmektedir. B\u00f6ylelikle \u015eirketimizin i\u015fleme faaliyeti Kanun\u2019un 5. maddesinde belirtilen \u201cBir s\u00f6zle\u015fmenin kurulmas\u0131 veya ifas\u0131yla do\u011frudan do\u011fruya ilgili olmas\u0131 kayd\u0131yla, s\u00f6zle\u015fmenin taraflar\u0131na ait ki\u015fisel verilerin i\u015flenmesinin gerekli olmas\u0131\u201d, \u201c\u0130lgili ki\u015finin temel hak ve \u00f6zg\u00fcrl\u00fcklerine zarar vermemek kayd\u0131yla veri sorumlusunun me\u015fru menfaati i\u00e7in zorunlu olmas\u0131\u201d ve \u201cVeri sorumlusunun hukuki y\u00fck\u00fcml\u00fcl\u00fc\u011f\u00fcn\u00fc yerine getirebilmesi i\u00e7in zorunlu olmas\u0131\u201d hukuki sebeplerine dayal\u0131 olarak i\u015flenmektedir. KVK Kanunu\u2019nun 6. maddesinde belirtilen ki\u015fisel veriler ise 6. maddedeki i\u015fleme \u015fartlar\u0131 ve ama\u00e7lar\u0131 \u00e7er\u00e7evesinde i\u015flenmektedir.<\/p>\n\n\n\n<p>Ki\u015fisel verileriniz KVK Kanunu kapsam\u0131nda gizlilik i\u00e7erisinde kullan\u0131lmakta ve i\u015flenmektedir. \u015eirketimiz taraf\u0131ndan sizlere ait verileri i\u015flerken hukuka ve d\u00fcr\u00fcstl\u00fck kural\u0131na riayet edilerek verilerin, i\u015flemenin kapsam\u0131 d\u0131\u015f\u0131nda kullan\u0131lmamas\u0131na, me\u015fru ama\u00e7lar do\u011frultusunda i\u015flenmesine, verilerin g\u00fcncel tutulmas\u0131na ve hedeflenen ama\u00e7 i\u00e7in gereken makul s\u00fcre kadar muhafaza edilmesine dikkat edilmektedir.<\/p>\n\n\n\n<p><strong>4. K\u0130\u015e\u0130SEL VER\u0130 TOPLAMANIN Y\u00d6NTEM\u0130 VE HUKUK\u0130 SEBEB\u0130<\/strong><\/p>\n\n\n\n<p>Ki\u015fisel verileriniz, i\u015fbu Ayd\u0131nlatma Metninin birinci ba\u015fl\u0131\u011f\u0131 alt\u0131nda yer verilen ama\u00e7lar\u0131n yerine getirilmesi kapsam\u0131nda yukar\u0131da belirtilen hukuki sebepler do\u011frultusunda <a href=\"https:\/\/www.zgyo.com.tr\">https:\/\/www.zgyo.com.tr<\/a> adresindeki ileti\u015fim formunun doldurulmas\u0131 yoluyla elektronik olarak toplanmaktad\u0131r.<\/p>\n\n\n\n<p><strong>5. K\u0130\u015e\u0130SEL VER\u0130LER\u0130N\u0130Z\u0130N AKTARILDI\u011eI TARAFLAR<\/strong><\/p>\n\n\n\n<p>Ki\u015fisel verileriniz Kanun\u2019un ki\u015fisel verilerin aktar\u0131m\u0131na ili\u015fkin maddesinde belirtilen \u015fartlara uygun \u015fekilde, a\u015fa\u011f\u0131daki ki\u015filere belirtilen ama\u00e7lar do\u011frultusunda aktar\u0131labilecektir.<\/p>\n\n\n\n<ul class=\"wp-block-list\">\n<li>Hukuki y\u00fck\u00fcml\u00fcl\u00fcklerimiz kapsam\u0131nda kanunen yetkili kamu kurumlar\u0131 ile kanunen yetkili \u00f6zel kurumlar ile hukuki destek ald\u0131\u011f\u0131m\u0131z i\u015f ortaklar\u0131m\u0131z<\/li>\n\n\n\n<li>Grup \u015firketlerimiz olan Z Gayrimenkul Yat\u0131r\u0131m Ortakl\u0131\u011f\u0131 A.\u015e. (\u201c\u015eirket\u201d) ba\u015fta olmak \u00fczere, ana hissedarlar\u0131m\u0131za, ba\u011flant\u0131l\u0131 \u015firketlerimize, grup \u015firketlerimize, i\u015ftiraklerimize, i\u015f ortaklar\u0131m\u0131za, kanunen yetkili kamu kurumlar\u0131na, hizmet ald\u0131\u011f\u0131m\u0131z kurulu\u015flar, kulland\u0131\u011f\u0131m\u0131z yurt i\u00e7i ve yurt d\u0131\u015f\u0131 server (sunucular), bulut hizmeti ald\u0131\u011f\u0131m\u0131z yurt i\u00e7i\/yurt d\u0131\u015f\u0131 kurumlar, veri sorumlusu ad\u0131na veri i\u015fleyen, \u00f6l\u00e7\u00fcmleme, hedefleme, profilleme deste\u011fi veren ki\u015fi ve kurulu\u015flar, denetim \u015firketlerine Kanun\u2019un 8. ve 9. maddelerinde belirtilen ki\u015fisel veri i\u015fleme \u015fartlar\u0131 \u00e7er\u00e7evesinde a\u00e7\u0131k r\u0131zan\u0131za dayal\u0131 olarak aktar\u0131labilecektir.<\/li>\n<\/ul>\n\n\n\n<p><strong>6. K\u0130\u015e\u0130SEL VER\u0130LER\u0130N AKTARILMA AMACI<\/strong><\/p>\n\n\n\n<p>Ki\u015fisel verileriniz Kanun\u2019un ki\u015fisel verilerin aktar\u0131m\u0131na ili\u015fkin maddesinde belirtilen \u015fartlara uygun \u015fekilde, a\u015fa\u011f\u0131daki sebeplerle ve zorunlu olarak aktar\u0131labilecektir.<\/p>\n\n\n\n<ul class=\"wp-block-list\">\n<li>Veri sorumlusunun me\u015fru menfaatleri i\u00e7in veri i\u015flenmesinin zorunlu olmas\u0131.<\/li>\n\n\n\n<li>Veri sorumlusunun hukuki y\u00fck\u00fcml\u00fcl\u00fc\u011f\u00fcn\u00fc yerine getirebilmesi i\u00e7in zorunlu olmas\u0131.<\/li>\n\n\n\n<li>Bir hakk\u0131n tesisi, kullan\u0131lmas\u0131 veya korunmas\u0131 i\u00e7in veri i\u015flemenin zorunlu olmas\u0131.<\/li>\n<\/ul>\n\n\n\n<p><strong>7. \u0130LG\u0130L\u0130 K\u0130\u015e\u0130 OLARAK HAKLARINIZ<\/strong><\/p>\n\n\n\n<p>\u0130lgili ki\u015fi olarak Kanun\u2019un 11. maddesi uyar\u0131nca a\u015fa\u011f\u0131daki haklara sahip oldu\u011funuzu bildiririz:<\/p>\n\n\n\n<ul class=\"wp-block-list\">\n<li>Ki\u015fisel verilerinizin i\u015flenip i\u015flenmedi\u011fini \u00f6\u011frenme,<\/li>\n\n\n\n<li>Ki\u015fisel verilerinizin i\u015flenmesi halinde buna ili\u015fkin bilgi talep etme,<\/li>\n\n\n\n<li>Ki\u015fisel verilerinizin i\u015flenme amac\u0131n\u0131 ve bunlar\u0131n amac\u0131na uygun kullan\u0131l\u0131p kullan\u0131lmad\u0131\u011f\u0131n\u0131 \u00f6\u011frenme,<\/li>\n\n\n\n<li>Yurt i\u00e7inde veya yurt d\u0131\u015f\u0131nda ki\u015fisel verilerinin aktar\u0131ld\u0131\u011f\u0131 \u00fc\u00e7\u00fcnc\u00fc ki\u015fileri bilme,<\/li>\n\n\n\n<li>Ki\u015fisel verilerinizin eksik veya yanl\u0131\u015f i\u015flenmi\u015f olmas\u0131 halinde bunlar\u0131n d\u00fczeltilmesini isteme,<\/li>\n\n\n\n<li>Kanun\u2019da \u00f6ng\u00f6r\u00fclen \u015fartlar \u00e7er\u00e7evesinde ki\u015fisel verilerinizin silinmesini veya yok edilmesini isteme,<\/li>\n\n\n\n<li>Eksik veya yanl\u0131\u015f olarak i\u015flenmi\u015f ki\u015fisel verilerinizin d\u00fczeltildi\u011finin ki\u015fisel verilerin aktar\u0131ld\u0131\u011f\u0131 \u00fc\u00e7\u00fcnc\u00fc ki\u015filere bildirilmesini isteme,<\/li>\n\n\n\n<li>Ki\u015fisel verilerinizin silindi\u011finin veya yok edildi\u011finin ki\u015fisel verilerin aktar\u0131ld\u0131\u011f\u0131 \u00fc\u00e7\u00fcnc\u00fc ki\u015filere bildirilmesini isteme,<\/li>\n\n\n\n<li>\u0130\u015flenen verilerinizin m\u00fcnhas\u0131ran otomatik sistemler vas\u0131tas\u0131yla analiz edilmesi suretiyle aleyhinize bir sonu\u00e7 ortaya \u00e7\u0131kmas\u0131na itiraz etme,<\/li>\n\n\n\n<li>Ki\u015fisel verilerinizin kanuna ayk\u0131r\u0131 olarak i\u015flenmesi sebebiyle zarara u\u011framan\u0131z halinde zarar\u0131n giderilmesini talep etme.<\/li>\n<\/ul>\n\n\n\n<p>S\u00f6z konusu haklar\u0131n\u0131za ili\u015fkin taleplerinizi mevzuata Veri Sorumlusuna Ba\u015fvuru Usul ve Esaslar Hakk\u0131nda Tebli\u011f h\u00fck\u00fcmleri uyar\u0131nca, yaz\u0131l\u0131 bir \u015fekilde K\u0131z\u0131l\u0131rmak 1443. Cd. No:25 B D:210, \u00c7ankaya\/Ankara adresine yaz\u0131l\u0131 olarak, zgrupproje@hs06.kep.tr kep adresine g\u00fcvenli elektronik imza, mobil imza ya da varsa \u015eirketimiz\u2019e daha \u00f6nceden bildirdi\u011finiz ve \u015eirketimiz sistemlerinde kay\u0131tl\u0131 bulunan elektronik posta adresi arac\u0131l\u0131\u011f\u0131 ile info@zgyo.com.tr adresine iletilmesi halinde en ge\u00e7 otuz g\u00fcn i\u00e7inde ba\u015fvurular\u0131n\u0131z \u00fccretsiz olarak sonu\u00e7land\u0131r\u0131lacakt\u0131r.<\/p>\n","protected":false},"excerpt":{"rendered":"<p>\u015eirketimiz taraf\u0131ndan a\u015fa\u011f\u0131da belirtilen ama\u00e7lar ile https:\/\/www.zgyo.com.tr web sitesinin ziyaret\u00e7isi olarak ki\u015fisel verilerinizin i\u015flenmesi faaliyetinde bulunulmaktad\u0131r. \u0130\u015fbu veri i\u015fleme faaliyetleri otomatik olan ya da herhangi bir veri kay\u0131t sisteminin par\u00e7as\u0131 olmak kayd\u0131yla otomatik olmayan yollarla i\u015flenen t\u00fcm ger\u00e7ek ki\u015fi ki\u015fisel veri sahiplerini kapsamaktad\u0131r. \u015eirketimiz s\u00f6z konusu ki\u015fisel verilerinizin i\u015flenmesinde ve muhafaza edilmesinde Anayasa\u2019ya ve 6698 say\u0131l\u0131 \u201cKi\u015fisel Verilerin Korunmas\u0131 Kanunu\u2019na\u201d uygun davranmakta ve ki\u015fisel verilerinizin g\u00fcvenli\u011fini sa\u011flanmaya azami hassasiyet g\u00f6stererek en \u00fcst seviyede g\u00fcvenlik tedbirlerini [&hellip;]<\/p>\n","protected":false},"author":1,"featured_media":0,"parent":0,"menu_order":0,"comment_status":"closed","ping_status":"closed","template":"","meta":{"inspiro_page_layout":"narrow","inspiro_hide_title":false,"footnotes":""},"class_list":["post-369","page","type-page","status-publish","hentry"],"_links":{"self":[{"href":"https:\/\/zgyo.com.tr\/tr\/wp-json\/wp\/v2\/pages\/369","targetHints":{"allow":["GET"]}}],"collection":[{"href":"https:\/\/zgyo.com.tr\/tr\/wp-json\/wp\/v2\/pages"}],"about":[{"href":"https:\/\/zgyo.com.tr\/tr\/wp-json\/wp\/v2\/types\/page"}],"author":[{"embeddable":true,"href":"https:\/\/zgyo.com.tr\/tr\/wp-json\/wp\/v2\/users\/1"}],"replies":[{"embeddable":true,"href":"https:\/\/zgyo.com.tr\/tr\/wp-json\/wp\/v2\/comments?post=369"}],"version-history":[{"count":0,"href":"https:\/\/zgyo.com.tr\/tr\/wp-json\/wp\/v2\/pages\/369\/revisions"}],"wp:attachment":[{"href":"https:\/\/zgyo.com.tr\/tr\/wp-json\/wp\/v2\/media?parent=369"}],"curies":[{"name":"wp","href":"https:\/\/api.w.org\/{rel}","templated":true}]}}